{"id":10711,"date":"2023-06-26T18:00:11","date_gmt":"2023-06-26T17:00:11","guid":{"rendered":"https:\/\/www.prado-vilamoura.com\/?page_id=10711"},"modified":"2023-06-30T12:25:33","modified_gmt":"2023-06-30T11:25:33","slug":"apartamentos-ferias-algarve","status":"publish","type":"page","link":"https:\/\/www.prado-vilamoura.com\/pt-pt\/apartamentos-ferias-algarve\/","title":{"rendered":"Apartamentos F\u00e9rias Algarve"},"content":{"rendered":"<section class=\"wpb-content-wrapper\"><p>[vc_row][vc_column][vc_column_text]<strong><span style=\"font-size: 18px;\">Procura os melhores apartamentos de f\u00e9rias no Algarve?&nbsp; Oferecemos uma variedade de op\u00e7\u00f5es de escolha desde do apartamento Standard, Superior at\u00e9 ao Executivo.<\/span><\/strong><\/p>\n<p style=\"text-align: center;\"><a class=\"fasc-button fasc-size-large fasc-type-popout fasc-rounded-medium ico-fa fasc-ico-before fa-hand-o-right fasc-style-bold\" style=\"background-color: #33809e; color: #ffffff;\" target=\"_blank\" rel=\"noopener\" href=\"https:\/\/direct-book.com\/properties\/PradodoGolfdirect?locale=pt&amp;items[0][adults]=2&amp;items[0][children]=0&amp;items[0][infants]=0&amp;currency=EUR&amp;checkInDate=2023-04-14&amp;checkOutDate=2023-04-15&amp;trackPage=yes\">Verificar Disponibilidade<\/a><\/p>\n<p><img decoding=\"async\" loading=\"lazy\" class=\"wp-image-10561 size-full aligncenter\" title=\"Apartamentos F\u00e9rias Vilamoura\" src=\"https:\/\/www.prado-vilamoura.com\/wp-content\/uploads\/2023\/05\/apartamentos-ferias-vilamoura-algarve.webp\" alt=\"Apartamento ferias vilamoura\" width=\"1024\" height=\"683\" srcset=\"https:\/\/www.prado-vilamoura.com\/wp-content\/uploads\/2023\/05\/apartamentos-ferias-vilamoura-algarve.webp 1024w, https:\/\/www.prado-vilamoura.com\/wp-content\/uploads\/2023\/05\/apartamentos-ferias-vilamoura-algarve-768x512.webp 768w, https:\/\/www.prado-vilamoura.com\/wp-content\/uploads\/2023\/05\/apartamentos-ferias-vilamoura-algarve-640x427.webp 640w, https:\/\/www.prado-vilamoura.com\/wp-content\/uploads\/2023\/05\/apartamentos-ferias-vilamoura-algarve-400x267.webp 400w, https:\/\/www.prado-vilamoura.com\/wp-content\/uploads\/2023\/05\/apartamentos-ferias-vilamoura-algarve-367x245.webp 367w\" sizes=\"(max-width: 1024px) 100vw, 1024px\" \/><\/p>\n<p>&nbsp;[\/vc_column_text][\/vc_column][\/vc_row][vc_row][vc_column][vc_column_text]<\/p>\n<h3 style=\"text-align: center;\"><span style=\"font-size: 22px;\"><strong>Os nossos Apartamentos&nbsp; F\u00e9rias Algarve &#8211; Vilamoura<\/strong><\/span><\/h3>\n<p><span style=\"font-size: 18px;\">O Algarve est\u00e1 localizado em uma das regi\u00f5es mais deslumbrantes de Portugal. Todos os apartamentos f\u00e9rias Algarve no nosso aldeamento tur\u00edstico em Vilamoura oferece uma ampla sele\u00e7\u00e3o de apartamentos de f\u00e9rias para atender \u00e0s suas necessidades e prefer\u00eancias. Seja uma escapadela rom\u00e2ntica, f\u00e9rias em fam\u00edlia ou uma viagem com amigos, temos a acomoda\u00e7\u00e3o perfeita para tornar a sua estadia memor\u00e1vel.<\/span><\/p>\n<h3 style=\"text-align: center;\"><span style=\"font-size: 22px;\"><strong>&nbsp;O Algarve<\/strong><\/span><\/h3>\n<p><span style=\"font-size: 18px;\">O Algarve \u00e9 um destino encantador que cativa os visitantes com a sua beleza natural, praias deslumbrantes e o seu clima ameno.<\/span><\/p>\n<p><span style=\"font-size: 18px;\">Com quil\u00f3metros de praias douradas, o Algarve \u00e9 um para\u00edso para os amantes do sol e do mar.<\/span><\/p>\n<p><span style=\"font-size: 18px;\"> Desde as praias mais movimentadas, perfeitas para desportos aqu\u00e1ticos e anima\u00e7\u00e3o, at\u00e9 \u00e0s enseadas tranquilas e recantos escondidos, h\u00e1 uma praia para todos os gostos. <\/span><\/p>\n<p><span style=\"font-size: 18px;\">As suas \u00e1guas cristalinas convidam a mergulhos refrescantes e a passeios relaxantes pela areia fina.<\/span><\/p>\n<p><span style=\"font-size: 18px;\">Al\u00e9m das praias, o Algarve oferece uma variedade de atividades emocionantes para todos os interesses. Os entusiastas do golfe encontrar\u00e3o campos de renome internacional, enquanto os amantes da natureza podem explorar parques naturais deslumbrantes, como a Ria Formosa, onde \u00e9 poss\u00edvel avistar uma rica fauna e flora.<\/span><\/p>\n<p><span style=\"font-size: 18px;\">A regi\u00e3o algarvia tamb\u00e9m \u00e9 famosa pela sua gastronomia \u00fanica. Delicie-se com pratos de peixe e marisco frescos, acompanhados por um vinho regional, enquanto aprecia a vista para o mar.&nbsp;<\/span><\/p>\n<p><span style=\"font-size: 18px;\">Seja para umas f\u00e9rias relaxantes na praia, a beira da piscina, ou uma aventura ao ar livre, o Algarve \u00e9 o destino perfeito para umas f\u00e9rias.<\/span><\/p>\n<p>&nbsp;<\/p>\n<h3 style=\"text-align: center;\"><span style=\"font-size: 22px;\"><strong>Vilamoura<\/strong><\/span><\/h3>\n<p><span style=\"font-size: 18px;\">Vilamoura \u00e9 um dos destinos tur\u00edstico mais populares do Algarve. \u00c9 conhecida por suas belas praias, uma Marina premiada, vida noturna agitada e campos de golfe de classe mundial.<\/span><\/p>\n<p><span style=\"font-size: 18px;\">\u00c9 uma regi\u00e3o do Algarve muito procurada pelos turistas.&nbsp;<\/span><\/p>\n<p><span style=\"font-size: 18px;\">Se est\u00e1 a planear umas f\u00e9rias, uma das melhores op\u00e7\u00f5es de acomoda\u00e7\u00e3o dispon\u00edveis \u00e9 alugar um apartamento de f\u00e9rias no Algarve.<\/span><\/p>\n<h3><span style=\"font-size: 22px;\"><strong>A Beleza do Algarve: Descubra os Apartamentos de F\u00e9rias no Algarve para a sua Estadia<\/strong><\/span><\/h3>\n<p><span style=\"font-size: 18px;\">No&nbsp; Aldeamento Turistico <a href=\"https:\/\/www.prado-vilamoura.com\/pt-pt\/prado-do-golf\/\">Prado do Golf<\/a> vai encontrar o seu apartamento de f\u00e9rias ideal. Temos apartamentos para f\u00e9rias para todos os or\u00e7amentos e necessidades.<\/span><\/p>\n<p>&nbsp;<\/p>\n<ul>\n<li><a href=\"#apartamentos-ferias-vilamoura-standard\"><span style=\"font-size: 18px;\">Apartamentos f\u00e9rias Algarve em&nbsp; Vilamoura &#8211; Standard T1 &amp; T2&nbsp;<\/span><\/a><\/li>\n<\/ul>\n<p>&nbsp;<\/p>\n<ul>\n<li><a href=\"#Apartamentos-ferias-Vilamoura-Superior\"><span style=\"font-size: 18px;\">Apartamentos f\u00e9rias Algarve em Vilamoura- Superior T1 &amp; T2&nbsp;<\/span><\/a><\/li>\n<\/ul>\n<p>&nbsp;<\/p>\n<ul>\n<li><a href=\"#apartamentos-ferias-vilamoura-Executivo\"><span style=\"font-size: 18px;\">Apartamentos&nbsp; f\u00e9rias Algarve em Vilamoura &#8211;&nbsp; Executivo T1 &amp; T2&nbsp;<\/span><\/a><\/li>\n<\/ul>\n<p>&nbsp;<\/p>\n<h3><span style=\"font-size: 22px;\"><strong>A vantagem de alugar um apartamento de f\u00e9rias em vez de reservar num hotel?<\/strong><\/span><\/h3>\n<p><span style=\"font-size: 18px;\">Quando se planeia uma viagem ao Algarve,&nbsp; o alojamento desempenha um papel crucial para garantir uma estadia confort\u00e1vel e agrad\u00e1vel. Embora os hot\u00e9is sejam uma escolha popular, os apartamentos de f\u00e9rias oferecem uma alternativa \u00fanica e flex\u00edvel.&nbsp;<\/span><\/p>\n<p><span style=\"font-size: 18px;\">Ao contr\u00e1rio dos quartos de hotel, os apartamentos de f\u00e9rias oferecem \u00e1reas separadas de estar, quartos e cozinhas totalmente equipadas, dando-lhe a liberdade para relaxar, cozinhar as suas pr\u00f3prias refei\u00e7\u00f5es na cozinha totalmente equipada. <\/span><\/p>\n<p><span style=\"font-size: 18px;\">Desfrute da privacidade do seu pr\u00f3prio espa\u00e7o tal como relaxar na sala ap\u00f3s um longo dia de passeios ou de praia.<\/span><\/p>\n<p><span style=\"font-size: 18px;\">Al\u00e9m disso, o Aldeamento <a href=\"https:\/\/www.prado-vilamoura.com\/pt-pt\/prado-do-golf\/\">Prado do Golf<\/a> fica a poucos minutos de dist\u00e2ncia de carro do centro de Vilamoura, A Marina de Vilamoura, parques aqu\u00e1ticos e as suas praias maravilhosas.<\/span><\/p>\n<p><span style=\"font-size: 18px;\">Portanto, se procura uma op\u00e7\u00e3o confort\u00e1vel e acess\u00edvel para suas pr\u00f3ximas f\u00e9rias no Algarve, considere marcar as suas f\u00e9rias no nosso Aldeamento em Vilamoura. <\/span><\/p>\n<p><span style=\"font-size: 18px;\">Todos os nossos apartamentos de f\u00e9rias est\u00e3o bem esquipados, confort\u00e1veis, equipados com ar-condicionado, Wifi e com servi\u00e7o de limpeza incluido.<\/span><\/p>\n<p><span style=\"font-size: 18px;\">Al\u00e9m disso o&nbsp; Aldeamento tem duas piscinas a disposi\u00e7\u00e3o dos hospedes.&nbsp;<\/span><\/p>\n<p>&nbsp;<\/p>\n<h3 style=\"text-align: center;\"><span style=\"font-size: 22px;\"><strong>Animais de Estima\u00e7\u00e3o<\/strong><\/span><\/h3>\n<p><span style=\"font-size: 18px;\">Em todos os nossos apartamentos f\u00e9rias Algarve o seu <strong>animal de estima\u00e7\u00e3o \u00e9 muito em vindo<\/strong>. Somos um aldeamento &#8220;Pet Friendly&#8221;.&nbsp;<\/span><\/p>\n<p><span style=\"font-size: 18px;\">Os nossos apartamentos de f\u00e9rias s\u00e3o amigos dos animais, porque compreendemos a import\u00e2ncia de oferecer acomoda\u00e7\u00f5es que recebam os seus queridos animais de estima\u00e7\u00e3o. Acreditamos que os animais de estima\u00e7\u00e3o s\u00e3o parte da fam\u00edlia e merecem desfrutar de uma experi\u00eancia de f\u00e9rias tal como as pessoas.<\/span><\/p>\n<p><span style=\"font-size: 18px;\">Ficar num apartamento f\u00e9rias amigo dos animais de estima\u00e7\u00e3o tamb\u00e9m elimina a necessidade de encontrar instala\u00e7\u00f5es separadas para o alojamento dos seus animais. Em vez disso, eles podem ficar consigo, garantindo o seu conforto e seguran\u00e7a durante toda a viagem. Isso pode contribuir para umas f\u00e9rias mais relaxantes e agrad\u00e1veis para todos os envolvidos.<\/span><\/p>\n<p><span style=\"font-size: 18px;\">Tem um custo adicional de <strong>50 euros por estadia<\/strong>. Necessitamos de uma cau\u00e7\u00e3o de 250 euros.&nbsp;<\/span><\/p>\n<p>&nbsp;<\/p>\n<figure id=\"attachment_10569\" aria-describedby=\"caption-attachment-10569\" style=\"width: 1042px\" class=\"wp-caption aligncenter\"><img decoding=\"async\" loading=\"lazy\" class=\"wp-image-10569\" title=\"Apartamentos f\u00e9rias Algarve com piscina\" src=\"https:\/\/www.prado-vilamoura.com\/wp-content\/uploads\/2023\/05\/apartamentos-ferias-algarve-com-piscina.webp\" alt=\"2 pool areas at Prado do Golf resort\" width=\"1042\" height=\"666\" srcset=\"https:\/\/www.prado-vilamoura.com\/wp-content\/uploads\/2023\/05\/apartamentos-ferias-algarve-com-piscina.webp 720w, https:\/\/www.prado-vilamoura.com\/wp-content\/uploads\/2023\/05\/apartamentos-ferias-algarve-com-piscina-640x409.webp 640w, https:\/\/www.prado-vilamoura.com\/wp-content\/uploads\/2023\/05\/apartamentos-ferias-algarve-com-piscina-400x256.webp 400w, https:\/\/www.prado-vilamoura.com\/wp-content\/uploads\/2023\/05\/apartamentos-ferias-algarve-com-piscina-367x234.webp 367w\" sizes=\"(max-width: 1042px) 100vw, 1042px\" \/><figcaption id=\"caption-attachment-10569\" class=\"wp-caption-text\">Area de Piscinas do Prado do Golf<\/figcaption><\/figure>\n<h3 id=\"apartamentos-ferias-vilamoura-standard\" style=\"text-align: center;\"><span style=\"font-size: 22px;\"><strong>Apartamentos F\u00e9rias Algarve em vilamoura &#8211; Standard<\/strong><\/span><\/h3>\n<p>&nbsp;<\/p>\n<ul>\n<li><span style=\"font-size: 18px;\"><strong>Quantos quartos&nbsp; tem o T1 standard? :<\/strong> Todos os apartamentos T1 no Prado do Golf t\u00eam 1 quarto.<\/span><\/li>\n<\/ul>\n<p>&nbsp;<\/p>\n<ul>\n<li><span style=\"font-size: 18px;\"><strong>O T2 standard tem quantos quartos?<\/strong> Todos os&nbsp; apartamentos&nbsp; T2&nbsp; t\u00eam 2 quartos.<\/span><\/li>\n<\/ul>\n<p>&nbsp;<\/p>\n<ul>\n<li><span style=\"font-size: 18px;\"><strong>Quantas camas t\u00eam cada&nbsp; apartamento?:<\/strong> As nossas camas s\u00e3o individuais, no caso do apartamento de 1 quarto tem 2 camas individuais. Por\u00e9m o apartamento de 2 quartos tem 4 camas individuais.<\/span><\/li>\n<\/ul>\n<p>&nbsp;<\/p>\n<ul>\n<li><span style=\"font-size: 18px;\"><strong>Os apartamentos&nbsp; t\u00eam camas de casal?<\/strong> Nenhum dos nossos apartamento t\u00eam cama de casal. Como s\u00e3o camas individuais podemos juntar as duas camas.<\/span><\/li>\n<\/ul>\n<p>&nbsp;<\/p>\n<figure id=\"attachment_1272\" aria-describedby=\"caption-attachment-1272\" style=\"width: 1024px\" class=\"wp-caption aligncenter\"><img decoding=\"async\" loading=\"lazy\" class=\"wp-image-1272 size-large\" title=\"Apartamentos ferias Algarve\" src=\"https:\/\/www.prado-vilamoura.com\/wp-content\/uploads\/2019\/04\/Bedroom--1024x683.jpg\" alt=\"Apartamentos ferias Algarve, quarto com 2 camas e uma janela decorado em cinza e branco\" width=\"1024\" height=\"683\" srcset=\"https:\/\/www.prado-vilamoura.com\/wp-content\/uploads\/2019\/04\/Bedroom--1024x683.jpg 1024w, https:\/\/www.prado-vilamoura.com\/wp-content\/uploads\/2019\/04\/Bedroom--768x512.jpg 768w, https:\/\/www.prado-vilamoura.com\/wp-content\/uploads\/2019\/04\/Bedroom--367x245.jpg 367w\" sizes=\"(max-width: 1024px) 100vw, 1024px\" \/><figcaption id=\"caption-attachment-1272\" class=\"wp-caption-text\">Quarto &#8211; Apartamentos para f\u00e9rias Standard<\/figcaption><\/figure>\n<p>&nbsp;<\/p>\n<ul>\n<li><span style=\"font-size: 18px;\"><strong>O apartamentos t\u00eam \u00e1rea de Sala e Casa de Jantar ?:<\/strong> Sim, todos os nossos apartamentos t\u00eam uma \u00e1rea de sala e casa de jantar.<\/span><\/li>\n<\/ul>\n<p>&nbsp;<\/p>\n<ul>\n<li><span style=\"font-size: 18px;\"><strong>Existe sof\u00e1 cama?:<\/strong> N\u00e3o<\/span><\/li>\n<\/ul>\n<p>&nbsp;<\/p>\n<ul>\n<li><span style=\"font-size: 18px;\"><b style=\"font-size: 18px;\">\u00c9 <\/b><span style=\"font-size: 18px;\"><b>poss\u00edvel<\/b><\/span><b style=\"font-size: 18px;\"> dormir mais do que 2 pessoas num T1?:<\/b><span style=\"font-size: 18px;\"> N\u00e3o. O T1 standard de 1 quarto s\u00f3 tem capacidade para 2 pessoas.<\/span><\/span><\/li>\n<\/ul>\n<p>&nbsp;<\/p>\n<ul>\n<li><span style=\"font-size: 18px;\"><b style=\"font-size: 18px;\">\u00c9 <\/b><b>poss\u00edvel<\/b><b style=\"font-size: 18px;\"> dormir mais do que 4 pessoas num T2? <\/b>A capacidade M\u00e1xima de um&nbsp; T2 \u00e9 de 4 pessoas.<\/span><\/li>\n<\/ul>\n<p>&nbsp;<\/p>\n<ul>\n<li><span style=\"font-size: 18px;\"><strong>Quantas casas de banho t\u00eam os apartamentos?<\/strong> Tanto o apartamento T1 como T2 t\u00eam s\u00f3 uma casa de banho.&nbsp;<\/span><\/li>\n<\/ul>\n<p>&nbsp;<\/p>\n<figure id=\"attachment_1282\" aria-describedby=\"caption-attachment-1282\" style=\"width: 1024px\" class=\"wp-caption aligncenter\"><img decoding=\"async\" loading=\"lazy\" class=\"wp-image-1282 size-large\" title=\"apartamentos de ferias vilamoura com sala\" src=\"https:\/\/www.prado-vilamoura.com\/wp-content\/uploads\/2019\/04\/Living-Dining-1-1024x683.jpg\" alt=\"Mesa com cadeira, nima sala com lareira e sofa.\" width=\"1024\" height=\"683\" srcset=\"https:\/\/www.prado-vilamoura.com\/wp-content\/uploads\/2019\/04\/Living-Dining-1-1024x683.jpg 1024w, https:\/\/www.prado-vilamoura.com\/wp-content\/uploads\/2019\/04\/Living-Dining-1-768x512.jpg 768w, https:\/\/www.prado-vilamoura.com\/wp-content\/uploads\/2019\/04\/Living-Dining-1-367x245.jpg 367w\" sizes=\"(max-width: 1024px) 100vw, 1024px\" \/><figcaption id=\"caption-attachment-1282\" class=\"wp-caption-text\">Sala &amp; Casa de Jantar<\/figcaption><\/figure>\n<ul>\n<li><span style=\"font-size: 18px;\"><strong>A cozinha est\u00e1 equipa com o loi\u00e7a, talheres, tachos para fazer uma refei\u00e7\u00e3o:<\/strong> Sim<\/span><\/li>\n<\/ul>\n<p>&nbsp;<\/p>\n<ul>\n<li><span style=\"font-size: 18px;\"><strong>A cozinha est\u00e1 equipa com micro-ondas :<\/strong> sim, todas as cozinhas t\u00eam micro-ondas<\/span><\/li>\n<\/ul>\n<p>&nbsp;<\/p>\n<ul>\n<li><span style=\"font-size: 18px;\"><strong>Os apartamentos t\u00eam maquina de lavar loi\u00e7a?:<\/strong> N\u00e3o<\/span><\/li>\n<\/ul>\n<p>&nbsp;<\/p>\n<ul>\n<li><span style=\"font-size: 18px;\"><strong>Tem maquina de lavar roupa?:<\/strong> Sim<\/span><\/li>\n<\/ul>\n<p>&nbsp;<\/p>\n<ul>\n<li><span style=\"font-size: 18px;\"><strong>Os apartamentos s\u00e3o todos no r\u00e9s ch\u00e3o?:<\/strong> N\u00e3o. Os nossos pr\u00e9dios de apartamentos t\u00eam 4 apartamento por pr\u00e9dio. Por exemplo; 2 apartamentos nos r\u00e9s ch\u00e3o e 2 apartamentos no 1\u00ba andar.<\/span><\/li>\n<\/ul>\n<p>&nbsp;<\/p>\n<ul>\n<li><span style=\"font-size: 18px;\"><strong>Todos os apartamentos de f\u00e9rias t\u00eam terra\u00e7o ou varanda?:<\/strong> Sim. Os apartamentos de f\u00e9rias no r\u00e9s-ch\u00e3o t\u00eam terra\u00e7o e ou dos 1\u00ba andar t\u00eam uma varanda.<\/span><\/li>\n<\/ul>\n<p>&nbsp;<\/p>\n<p><span style=\"font-size: 18px;\"><strong><img decoding=\"async\" loading=\"lazy\" class=\"aligncenter wp-image-650 size-full\" src=\"https:\/\/www.prado-vilamoura.com\/wp-content\/uploads\/2019\/01\/Exec-Appt-patio.jpg\" alt=\"outside sunny private terrace\" width=\"835\" height=\"626\" srcset=\"https:\/\/www.prado-vilamoura.com\/wp-content\/uploads\/2019\/01\/Exec-Appt-patio.jpg 835w, https:\/\/www.prado-vilamoura.com\/wp-content\/uploads\/2019\/01\/Exec-Appt-patio-768x576.jpg 768w, https:\/\/www.prado-vilamoura.com\/wp-content\/uploads\/2019\/01\/Exec-Appt-patio-463x348.jpg 463w, https:\/\/www.prado-vilamoura.com\/wp-content\/uploads\/2019\/01\/Exec-Appt-patio-367x275.jpg 367w\" sizes=\"(max-width: 835px) 100vw, 835px\" \/><\/strong><\/span><\/p>\n<p>&nbsp;<\/p>\n<ul>\n<li><span style=\"font-size: 18px;\"><strong>Posso escolher que quero no r\u00e9s ch\u00e3o ou 1 andar?<\/strong> Na altura de confirmar a reserva, poder\u00e1 fazer um pedido de prefer\u00eancia. Mas n\u00e3o podemos garantir que seja poss\u00edvel.<\/span><\/li>\n<\/ul>\n<p>&nbsp;<\/p>\n<p style=\"text-align: center;\"><a class=\"fasc-button fasc-size-large fasc-type-popout fasc-rounded-medium ico-fa fasc-ico-before fa-hand-o-right fasc-style-bold\" style=\"background-color: #307c9c; color: #ffffff;\" target=\"_blank\" rel=\"noopener\" href=\"https:\/\/direct-book.com\/properties\/PradodoGolfdirect?locale=pt\">Reservar Agora<\/a><\/p>\n<h3>&nbsp;<\/h3>\n<p>&nbsp;[\/vc_column_text][\/vc_column][\/vc_row][vc_row gap=&#8221;short&#8221; color=&#8221;custom&#8221; align=&#8221;align_left&#8221; border_width=&#8221;3&#8243; el_width=&#8221;&#8221; type=&#8221;small&#8221; style=&#8221;&#8221; pattern_repeat=&#8221;&#8221; pattern_position=&#8221;&#8221; pattern_height=&#8221;15&#8243; show_icon=&#8221;&#8221; icon_type=&#8221;fontawesome&#8221; icon_simpleline=&#8221;&#8221; icon_skin=&#8221;custom&#8221; icon_style=&#8221;&#8221; icon_pos=&#8221;&#8221; icon_size=&#8221;&#8221; accent_color=&#8221;#018aac&#8221; pattern=&#8221;&#8221; icon_image=&#8221;&#8221; icon=&#8221;&#8221; icon_color=&#8221;&#8221; icon_bg_color=&#8221;&#8221; icon_border_color=&#8221;&#8221; icon_wrap_border_color=&#8221;&#8221;][vc_column text_align=&#8221;center&#8221; conditional_render=&#8221;%5B%7B%22value_role%22%3A%22administrator%22%7D%5D&#8221;][vc_column_text el_class=&#8221;m-t-xs page-sub-title&#8221;]<\/p>\n<h3 id=\"Apartamentos-ferias-Vilamoura-Superior\" style=\"text-align: center;\"><span style=\"font-size: 24px;\"><strong>Apartamentos F\u00e9rias Algarve em Vilamoura &#8211; Superior T1 &amp; T2<\/strong><\/span><\/h3>\n<p>[\/vc_column_text][\/vc_column][\/vc_row][vc_row][vc_column][vc_column_text]&nbsp;<\/p>\n<p>&nbsp;<\/p>\n<figure id=\"attachment_10593\" aria-describedby=\"caption-attachment-10593\" style=\"width: 1000px\" class=\"wp-caption aligncenter\"><img decoding=\"async\" loading=\"lazy\" class=\"wp-image-10593 size-full\" title=\"Apartamento para f\u00e9rias em Vilamoura Algarve\" src=\"https:\/\/www.prado-vilamoura.com\/wp-content\/uploads\/2023\/05\/apartamentos-ferias-vilamoura-algarve-2.webp\" alt=\"apartamentos de f\u00e9rias com Sala com sofa,tv, mesa e cadeiras\" width=\"1000\" height=\"750\" srcset=\"https:\/\/www.prado-vilamoura.com\/wp-content\/uploads\/2023\/05\/apartamentos-ferias-vilamoura-algarve-2.webp 1000w, https:\/\/www.prado-vilamoura.com\/wp-content\/uploads\/2023\/05\/apartamentos-ferias-vilamoura-algarve-2-768x576.webp 768w, https:\/\/www.prado-vilamoura.com\/wp-content\/uploads\/2023\/05\/apartamentos-ferias-vilamoura-algarve-2-463x348.webp 463w, https:\/\/www.prado-vilamoura.com\/wp-content\/uploads\/2023\/05\/apartamentos-ferias-vilamoura-algarve-2-640x480.webp 640w, https:\/\/www.prado-vilamoura.com\/wp-content\/uploads\/2023\/05\/apartamentos-ferias-vilamoura-algarve-2-400x300.webp 400w, https:\/\/www.prado-vilamoura.com\/wp-content\/uploads\/2023\/05\/apartamentos-ferias-vilamoura-algarve-2-367x275.webp 367w\" sizes=\"(max-width: 1000px) 100vw, 1000px\" \/><figcaption id=\"caption-attachment-10593\" class=\"wp-caption-text\">Apartamento Superior<\/figcaption><\/figure>\n<p>&nbsp;<\/p>\n<ul>\n<li><span style=\"font-size: 18px;\"><strong>Quantos quartos&nbsp; tem o apartamento T1 superior? :<\/strong> Os nossos apartamentos T1 t\u00eam 1 quarto.<\/span><\/li>\n<\/ul>\n<p>&nbsp;<\/p>\n<ul>\n<li><span style=\"font-size: 18px;\"><strong>Os apartamentos T2 superiores tem quantos quartos?<\/strong> Todos os&nbsp; apartamentos&nbsp; T2 superiores t\u00eam 2 quartos.<\/span><\/li>\n<\/ul>\n<p>&nbsp;<\/p>\n<ul>\n<li><span style=\"font-size: 18px;\"><strong>Quantas camas t\u00eam cada&nbsp; apartamento?:<\/strong> As nossas camas s\u00e3o individuais, no caso do apartamento de 1 quarto tem 2 camas individuais. Por\u00e9m o apartamento de 2 quartos tem 4 camas individuais.<\/span><\/li>\n<\/ul>\n<p>&nbsp;<\/p>\n<ul>\n<li><span style=\"font-size: 18px;\"><strong>Os apartamentos de f\u00e9rias t\u00eam camas de casal?<\/strong> Nenhum dos nossos apartamento t\u00eam cama de casal. Como s\u00e3o camas individuais podemos juntar as duas camas.<\/span><\/li>\n<\/ul>\n<p>&nbsp;<\/p>\n<figure id=\"attachment_10591\" aria-describedby=\"caption-attachment-10591\" style=\"width: 1024px\" class=\"wp-caption aligncenter\"><img decoding=\"async\" loading=\"lazy\" class=\"wp-image-10591 size-full\" title=\"Quartos de apartamento para f\u00e9rias Vilamoura\" src=\"https:\/\/www.prado-vilamoura.com\/wp-content\/uploads\/2023\/05\/Apartamento-ferias-algarve.webp\" alt=\"2 camas solteiro nos apartamentos superiores f\u00e9rias Algarve\" width=\"1024\" height=\"768\" srcset=\"https:\/\/www.prado-vilamoura.com\/wp-content\/uploads\/2023\/05\/Apartamento-ferias-algarve.webp 1024w, https:\/\/www.prado-vilamoura.com\/wp-content\/uploads\/2023\/05\/Apartamento-ferias-algarve-768x576.webp 768w, https:\/\/www.prado-vilamoura.com\/wp-content\/uploads\/2023\/05\/Apartamento-ferias-algarve-463x348.webp 463w, https:\/\/www.prado-vilamoura.com\/wp-content\/uploads\/2023\/05\/Apartamento-ferias-algarve-640x480.webp 640w, https:\/\/www.prado-vilamoura.com\/wp-content\/uploads\/2023\/05\/Apartamento-ferias-algarve-400x300.webp 400w, https:\/\/www.prado-vilamoura.com\/wp-content\/uploads\/2023\/05\/Apartamento-ferias-algarve-367x275.webp 367w\" sizes=\"(max-width: 1024px) 100vw, 1024px\" \/><figcaption id=\"caption-attachment-10591\" class=\"wp-caption-text\">Quartos dos Apartamentos Superior<\/figcaption><\/figure>\n<p>&nbsp;<\/p>\n<ul>\n<li><span style=\"font-size: 18px;\"><strong>Todos os&nbsp; apartamento t\u00eam \u00e1rea de Sala e Casa de Jantar ?:<\/strong> Sim, todos os nossos apartamentos t\u00eam uma \u00e1rea de sala e casa de jantar.<\/span><\/li>\n<\/ul>\n<p>&nbsp;<\/p>\n<ul>\n<li><span style=\"font-size: 18px;\"><strong>Existe um sof\u00e1 cama?:<\/strong> No apartamento de 2 quartos superior tem sofa cama para uma pessoa com um custo extra por noite. Nos apartamentos de 1 quarto n\u00e3o tem sofa cama<\/span><\/li>\n<\/ul>\n<p>&nbsp;<\/p>\n<ul>\n<li><span style=\"font-size: 18px;\"><b style=\"font-size: 18px;\">\u00c9 <\/b><b>poss\u00edvel<\/b><b style=\"font-size: 18px;\"> dormir mais do que 2 pessoas no apartamento T1?:<\/b> N\u00e3o. Como tal os apartamentos de f\u00e9rias standard de 1 quarto s\u00f3 tem capacidade para 2 pessoas.<\/span><\/li>\n<\/ul>\n<p>&nbsp;<\/p>\n<ul>\n<li><span style=\"font-size: 18px;\"><b style=\"font-size: 18px;\">\u00c9 <\/b><b>poss\u00edvel<\/b><b style=\"font-size: 18px;\"> dormir mais do que 4 pessoas no apartamento Superior T2? <\/b>A capacidade M\u00e1xima de um apartamento Superior T2 \u00e9 de 5 pessoas.<\/span><\/li>\n<\/ul>\n<p>&nbsp;<\/p>\n<ul>\n<li><span style=\"font-size: 18px;\"><strong>Quantas casas de banho t\u00eam os apartamentos superiores?<\/strong> Tanto o&nbsp; T1 como T2 t\u00eam s\u00f3 uma casa de banho.&nbsp;<\/span><\/li>\n<\/ul>\n<p>&nbsp;<\/p>\n<ul>\n<li><span style=\"font-size: 18px;\"><strong>A cozinha est\u00e1 equipa com o loi\u00e7a, talheres, tachos para fazer uma refei\u00e7\u00e3o:<\/strong> Sim<\/span><\/li>\n<\/ul>\n<p>&nbsp;<\/p>\n<ul>\n<li><span style=\"font-size: 18px;\"><strong>Os apartamentos est\u00e3o equipados com micro-ondas :<\/strong> sim<\/span><\/li>\n<\/ul>\n<p>&nbsp;<\/p>\n<ul>\n<li><span style=\"font-size: 18px;\"><strong>O apartamento tem maquina de lavar loi\u00e7a?:<\/strong> Sim, todos os apartamentos superiores t\u00eam maquina de lavar loi\u00e7a<\/span><\/li>\n<\/ul>\n<p>&nbsp;<\/p>\n<ul>\n<li><span style=\"font-size: 18px;\"><strong>Tem maquina de lavar roupa?:<\/strong> Sim<\/span><\/li>\n<\/ul>\n<figure id=\"attachment_10589\" aria-describedby=\"caption-attachment-10589\" style=\"width: 1024px\" class=\"wp-caption aligncenter\"><img decoding=\"async\" loading=\"lazy\" class=\"wp-image-10589 size-full\" title=\"Reservar Apartamentos de F\u00e9rias Superior\" src=\"https:\/\/www.prado-vilamoura.com\/wp-content\/uploads\/2023\/05\/Vilamoura-apartamentos-para-ferias.webp\" alt=\"cozinha apartamento f\u00e9ria vilamoura \" width=\"1024\" height=\"768\" srcset=\"https:\/\/www.prado-vilamoura.com\/wp-content\/uploads\/2023\/05\/Vilamoura-apartamentos-para-ferias.webp 1024w, https:\/\/www.prado-vilamoura.com\/wp-content\/uploads\/2023\/05\/Vilamoura-apartamentos-para-ferias-768x576.webp 768w, https:\/\/www.prado-vilamoura.com\/wp-content\/uploads\/2023\/05\/Vilamoura-apartamentos-para-ferias-463x348.webp 463w, https:\/\/www.prado-vilamoura.com\/wp-content\/uploads\/2023\/05\/Vilamoura-apartamentos-para-ferias-640x480.webp 640w, https:\/\/www.prado-vilamoura.com\/wp-content\/uploads\/2023\/05\/Vilamoura-apartamentos-para-ferias-400x300.webp 400w, https:\/\/www.prado-vilamoura.com\/wp-content\/uploads\/2023\/05\/Vilamoura-apartamentos-para-ferias-367x275.webp 367w\" sizes=\"(max-width: 1024px) 100vw, 1024px\" \/><figcaption id=\"caption-attachment-10589\" class=\"wp-caption-text\">Cozinha de Apartamentos de F\u00e9rias Superior<\/figcaption><\/figure>\n<p>&nbsp;<\/p>\n<ul>\n<li><span style=\"font-size: 18px;\"><strong>Os apartamentos s\u00e3o todos no r\u00e9s ch\u00e3o?:<\/strong> N\u00e3o. Os nossos pr\u00e9dios de apartamentos t\u00eam 4 apartamento por pr\u00e9dio. Por exemplo; 2 apartamentos nos r\u00e9s ch\u00e3o e 2 apartamentos no 1\u00ba andar.<\/span><\/li>\n<\/ul>\n<p>&nbsp;<\/p>\n<ul>\n<li><span style=\"font-size: 18px;\"><strong>Todos os apartamentos de f\u00e9rias t\u00eam terra\u00e7o ou varanda?:<\/strong> Sim. Os apartamentos de f\u00e9rias no r\u00e9s-ch\u00e3o t\u00eam terra\u00e7o e ou dos 1\u00ba andar t\u00eam uma varanda.<\/span><\/li>\n<\/ul>\n<p>&nbsp;<\/p>\n<p style=\"text-align: center;\"><a class=\"fasc-button fasc-size-large fasc-type-popout fasc-rounded-medium ico-fa fasc-ico-before fa-hand-o-right fasc-style-bold\" style=\"background-color: #307c9c; color: #ffffff;\" target=\"_blank\" rel=\"noopener\" href=\"https:\/\/direct-book.com\/properties\/PradodoGolfdirect?locale=pt\">Reservar Agora<\/a><\/p>\n<p>[\/vc_column_text][\/vc_column][\/vc_row][vc_row source=&#8221;&#8221; text=&#8221;Facilities&#8221; font_container=&#8221;tag:h4|text_align:left&#8221; use_theme_fonts=&#8221;yes&#8221; google_fonts=&#8221;font_family:Abril%20Fatface%3Aregular|font_style:400%20regular%3A400%3Anormal&#8221; text_transform=&#8221;text-uppercase&#8221; skin=&#8221;custom&#8221; show_border=&#8221;&#8221; border_skin=&#8221;custom&#8221; border_type=&#8221;bottom-border&#8221; border_size=&#8221;&#8221; el_class=&#8221;m-b-md m-t-lg&#8221; link=&#8221;&#8221; border_color=&#8221;&#8221;][vc_column][vc_column_text]<\/p>\n<h3 id=\"apartamentos-ferias-vilamoura-Executivo\" style=\"text-align: center;\"><strong><span style=\"font-size: 20px;\">Apartamentos F\u00e9rias Algarve em Vilamoura\u00a0 &#8211; Executivo T1 &amp; T2<\/span><\/strong><\/h3>\n<p>[\/vc_column_text][\/vc_column][\/vc_row][vc_row][vc_column][vc_column_text]&nbsp;<\/p>\n<p>&nbsp;<\/p>\n<figure id=\"attachment_10659\" aria-describedby=\"caption-attachment-10659\" style=\"width: 1024px\" class=\"wp-caption aligncenter\"><img decoding=\"async\" loading=\"lazy\" class=\"wp-image-10659 size-full\" title=\"apartamentos ferias vilamoura algarve\" src=\"https:\/\/www.prado-vilamoura.com\/wp-content\/uploads\/2023\/06\/apartamentos-ferias-vilamoura-algarve.webp\" alt=\"apartamentos f\u00e9rias Vilamoura com mesa e cadeiras brancas e sofa cinzento\" width=\"1024\" height=\"768\" srcset=\"https:\/\/www.prado-vilamoura.com\/wp-content\/uploads\/2023\/06\/apartamentos-ferias-vilamoura-algarve.webp 1024w, https:\/\/www.prado-vilamoura.com\/wp-content\/uploads\/2023\/06\/apartamentos-ferias-vilamoura-algarve-768x576.webp 768w, https:\/\/www.prado-vilamoura.com\/wp-content\/uploads\/2023\/06\/apartamentos-ferias-vilamoura-algarve-463x348.webp 463w, https:\/\/www.prado-vilamoura.com\/wp-content\/uploads\/2023\/06\/apartamentos-ferias-vilamoura-algarve-640x480.webp 640w, https:\/\/www.prado-vilamoura.com\/wp-content\/uploads\/2023\/06\/apartamentos-ferias-vilamoura-algarve-400x300.webp 400w, https:\/\/www.prado-vilamoura.com\/wp-content\/uploads\/2023\/06\/apartamentos-ferias-vilamoura-algarve-367x275.webp 367w\" sizes=\"(max-width: 1024px) 100vw, 1024px\" \/><figcaption id=\"caption-attachment-10659\" class=\"wp-caption-text\">Apartamentos de f\u00e9rias &#8211; executivos<\/figcaption><\/figure>\n<p>&nbsp;<\/p>\n<p>&nbsp;<\/p>\n<p>&nbsp;<\/p>\n<p>&nbsp;<\/p>\n<ul>\n<li><span style=\"font-size: 18px;\"><strong>Quantos quartos&nbsp; tem o apartamento T1 superior?<\/strong><\/span> : <span style=\"font-size: 18px;\">Os nossos apartamentos T1 t\u00eam 1 quarto.<\/span><\/li>\n<\/ul>\n<p>&nbsp;<\/p>\n<ul>\n<li><span style=\"font-size: 18px;\"><strong>Os apartamentos de f\u00e9rias&nbsp; T2 executive tem quantos quartos?<\/strong> Todos o T2 Executive t\u00eam 2 quartos.<\/span><\/li>\n<\/ul>\n<p>&nbsp;<\/p>\n<ul>\n<li><span style=\"font-size: 18px;\"><strong>Quantas camas t\u00eam cada&nbsp; apartamento?:<\/strong> As nossas camas s\u00e3o individuais, no caso do apartamento de 1 quarto tem 2 camas individuais. Por\u00e9m o apartamento de 2 quartos tem 4 camas individuais.<\/span><\/li>\n<\/ul>\n<p>&nbsp;<\/p>\n<ul>\n<li><span style=\"font-size: 18px;\"><strong>Os apartamentos de f\u00e9rias t\u00eam camas de casal?:<\/strong> Nenhum dos nossos apartamento t\u00eam cama de casal. Como s\u00e3o camas individuais podemos juntar as duas camas.<\/span><\/li>\n<\/ul>\n<figure id=\"attachment_10653\" aria-describedby=\"caption-attachment-10653\" style=\"width: 769px\" class=\"wp-caption aligncenter\"><img decoding=\"async\" loading=\"lazy\" class=\"wp-image-10653 size-full\" title=\"apartamentos de ferias em vilamoura Algarve\" src=\"https:\/\/www.prado-vilamoura.com\/wp-content\/uploads\/2023\/06\/Apartamentos-ferias-vilamoura-quarto.webp\" alt=\"duas camas individuais com colchas floridas noas apartamentos ferias vilamoura\" width=\"769\" height=\"577\" srcset=\"https:\/\/www.prado-vilamoura.com\/wp-content\/uploads\/2023\/06\/Apartamentos-ferias-vilamoura-quarto.webp 769w, https:\/\/www.prado-vilamoura.com\/wp-content\/uploads\/2023\/06\/Apartamentos-ferias-vilamoura-quarto-463x348.webp 463w, https:\/\/www.prado-vilamoura.com\/wp-content\/uploads\/2023\/06\/Apartamentos-ferias-vilamoura-quarto-640x480.webp 640w, https:\/\/www.prado-vilamoura.com\/wp-content\/uploads\/2023\/06\/Apartamentos-ferias-vilamoura-quarto-400x300.webp 400w, https:\/\/www.prado-vilamoura.com\/wp-content\/uploads\/2023\/06\/Apartamentos-ferias-vilamoura-quarto-367x275.webp 367w\" sizes=\"(max-width: 769px) 100vw, 769px\" \/><figcaption id=\"caption-attachment-10653\" class=\"wp-caption-text\">Quartos dos Apartamentos Executivos<\/figcaption><\/figure>\n<p>&nbsp;<\/p>\n<ul>\n<li><span style=\"font-size: 18px;\"><strong>Todos os&nbsp; apartamento t\u00eam \u00e1rea de Sala e Casa de Jantar ?:<\/strong> Sim, todos os nossos apartamentos t\u00eam uma \u00e1rea de sala e casa de jantar.<\/span><\/li>\n<\/ul>\n<p>&nbsp;<\/p>\n<ul>\n<li><span style=\"font-size: 18px;\"><strong>Existe um sof\u00e1 cama?:<\/strong> Todos os apartamentos de f\u00e9rias Executivos t\u00eam sofa cama.<\/span><\/li>\n<\/ul>\n<p>&nbsp;<\/p>\n<ul>\n<li><span style=\"font-size: 18px;\"><b style=\"font-size: 18px;\">\u00c9 <\/b><b>poss\u00edvel<\/b><b style=\"font-size: 18px;\"> dormir mais do que 2 pessoas no apartamento T1?:<\/b> Sim \u00e9 possivel, uma vez que tem sofa cama. Tem uma capacidade para 4 pessoas<\/span><\/li>\n<\/ul>\n<p>&nbsp;<\/p>\n<ul>\n<li><span style=\"font-size: 18px;\"><b style=\"font-size: 18px;\">\u00c9 <\/b><b>poss\u00edvel<\/b><b style=\"font-size: 18px;\"> dormir mais do que 4 pessoas no apartamento Superior T2? <\/b>A capacidade M\u00e1xima do&nbsp; T2&nbsp; executivo \u00e9 de 6 pessoas.&nbsp;<\/span><\/li>\n<\/ul>\n<p>&nbsp;<\/p>\n<ul>\n<li><span style=\"font-size: 18px;\"><strong>Quantas casas de banho t\u00eam os apartamentos superiores?<\/strong> Tanto o&nbsp; T1 como T2 t\u00eam s\u00f3 uma casa de banho.&nbsp;<\/span><\/li>\n<\/ul>\n<p>&nbsp;<\/p>\n<ul>\n<li><span style=\"font-size: 18px;\"><strong>A cozinha est\u00e1 equipa com o loi\u00e7a, talheres, tachos para fazer uma refei\u00e7\u00e3o:<\/strong> Sim<\/span><\/li>\n<\/ul>\n<p>&nbsp;<\/p>\n<ul>\n<li><span style=\"font-size: 18px;\"><strong>Os apartamentos est\u00e3o equipados com micro-ondas :<\/strong> sim<\/span><\/li>\n<\/ul>\n<p>&nbsp;<\/p>\n<ul>\n<li><span style=\"font-size: 18px;\"><strong>O apartamento tem maquina de lavar loi\u00e7a?:<\/strong> Sim, todos os apartamentos executivos t\u00eam maquina de lavar loi\u00e7a<\/span><\/li>\n<\/ul>\n<p>&nbsp;<\/p>\n<ul>\n<li><span style=\"font-size: 18px;\"><strong>Tem maquina de lavar roupa?:<\/strong> Sim<\/span><\/li>\n<\/ul>\n<p>&nbsp;<\/p>\n<figure id=\"attachment_10657\" aria-describedby=\"caption-attachment-10657\" style=\"width: 769px\" class=\"wp-caption aligncenter\"><img decoding=\"async\" loading=\"lazy\" class=\"wp-image-10657 size-full\" title=\"apartamentos f\u00e9rias Vilamoura com cozinha equipada\" src=\"https:\/\/www.prado-vilamoura.com\/wp-content\/uploads\/2023\/06\/apartamentos-ferias-em-vilamoura-t1.webp\" alt=\"mesa branca com cadeira e cozinha ao fundo com arm\u00e1rios brancos \" width=\"769\" height=\"577\" srcset=\"https:\/\/www.prado-vilamoura.com\/wp-content\/uploads\/2023\/06\/apartamentos-ferias-em-vilamoura-t1.webp 769w, https:\/\/www.prado-vilamoura.com\/wp-content\/uploads\/2023\/06\/apartamentos-ferias-em-vilamoura-t1-463x348.webp 463w, https:\/\/www.prado-vilamoura.com\/wp-content\/uploads\/2023\/06\/apartamentos-ferias-em-vilamoura-t1-640x480.webp 640w, https:\/\/www.prado-vilamoura.com\/wp-content\/uploads\/2023\/06\/apartamentos-ferias-em-vilamoura-t1-400x300.webp 400w, https:\/\/www.prado-vilamoura.com\/wp-content\/uploads\/2023\/06\/apartamentos-ferias-em-vilamoura-t1-367x275.webp 367w\" sizes=\"(max-width: 769px) 100vw, 769px\" \/><figcaption id=\"caption-attachment-10657\" class=\"wp-caption-text\">Cozinha dos apartamentos f\u00e9rias Executivo<\/figcaption><\/figure>\n<ul>\n<li><span style=\"font-size: 18px;\"><strong>Os apartamentos s\u00e3o todos no r\u00e9s ch\u00e3o?:<\/strong>&nbsp;N\u00e3o. Os nossos pr\u00e9dios de apartamentos t\u00eam 4 apartamento por pr\u00e9dio. Por exemplo; 2 apartamentos nos r\u00e9s ch\u00e3o e 2 apartamentos no 1\u00ba andar.<\/span><\/li>\n<\/ul>\n<p>&nbsp;<\/p>\n<ul>\n<li><span style=\"font-size: 18px;\"><strong>Todos os apartamentos de f\u00e9rias t\u00eam terra\u00e7o ou varanda?:<\/strong>&nbsp;Sim. Os apartamentos de f\u00e9rias no r\u00e9s-ch\u00e3o t\u00eam terra\u00e7o e ou dos 1\u00ba andar t\u00eam uma varanda.<\/span><\/li>\n<\/ul>\n<p>&nbsp;<\/p>\n<p style=\"text-align: center;\"><a class=\"fasc-button fasc-size-large fasc-type-popout fasc-rounded-medium ico-fa fasc-ico-before fa-hand-o-right fasc-style-bold\" style=\"background-color: #307c9c; color: #ffffff;\" target=\"_blank\" rel=\"noopener\" href=\"https:\/\/direct-book.com\/properties\/PradodoGolfdirect?locale=pt\">Reservar Agora<\/a><\/p>\n<p>&nbsp;[\/vc_column_text][\/vc_column][\/vc_row]<\/p>\n<\/section>","protected":false},"excerpt":{"rendered":"<p>[vc_row][vc_column][vc_column_text]Procura os melhores apartamentos de f\u00e9rias no Algarve?&nbsp; Oferecemos uma variedade de op\u00e7\u00f5es de escolha desde do apartamento Standard, Superior at\u00e9 ao Executivo. Verificar Disponibilidade &nbsp;[\/vc_column_text][\/vc_column][\/vc_row][vc_row][vc_column][vc_column_text] Os nossos Apartamentos&nbsp; F\u00e9rias Algarve &#8211; Vilamoura O Algarve est\u00e1 localizado em uma das regi\u00f5es mais deslumbrantes de Portugal. Todos os apartamentos f\u00e9rias Algarve no nosso aldeamento tur\u00edstico em [&hellip;]<\/p>\n","protected":false},"author":3,"featured_media":0,"parent":0,"menu_order":0,"comment_status":"closed","ping_status":"closed","template":"","meta":[],"yoast_head":"<!-- This site is optimized with the Yoast SEO Premium plugin v20.0 (Yoast SEO v20.0) - https:\/\/yoast.com\/wordpress\/plugins\/seo\/ -->\n<title>Melhores Apartamentos F\u00e9rias Algarve - Vilamoura?<\/title>\n<meta name=\"description\" content=\"Procura apartamentos f\u00e9rias Algarve com piscina &amp; perto da praia? Venha conhecer &amp; reserve os nossos apartamentos em Vilamoura!\" \/>\n<meta name=\"robots\" content=\"index, follow, max-snippet:-1, max-image-preview:large, max-video-preview:-1\" \/>\n<link rel=\"canonical\" href=\"https:\/\/www.prado-vilamoura.com\/pt-pt\/apartamentos-ferias-algarve\/\" \/>\n<meta property=\"og:locale\" content=\"pt_PT\" \/>\n<meta property=\"og:type\" content=\"article\" \/>\n<meta property=\"og:title\" content=\"Apartamentos F\u00e9rias Algarve\" \/>\n<meta property=\"og:description\" content=\"Procura apartamentos f\u00e9rias Algarve com piscina &amp; perto da praia? Venha conhecer &amp; reserve os nossos apartamentos em Vilamoura!\" \/>\n<meta property=\"og:url\" content=\"https:\/\/www.prado-vilamoura.com\/pt-pt\/apartamentos-ferias-algarve\/\" \/>\n<meta property=\"og:site_name\" content=\"Prado Vilamoura\" \/>\n<meta property=\"article:publisher\" content=\"https:\/\/www.facebook.com\/pradovilamoura\" \/>\n<meta property=\"article:modified_time\" content=\"2023-06-30T11:25:33+00:00\" \/>\n<meta property=\"og:image\" content=\"https:\/\/www.prado-vilamoura.com\/wp-content\/uploads\/2023\/05\/apartamentos-ferias-vilamoura-algarve.webp\" \/>\n<meta name=\"twitter:card\" content=\"summary_large_image\" \/>\n<meta name=\"twitter:site\" content=\"@pradovilamoura\" \/>\n<meta name=\"twitter:label1\" content=\"Tempo estimado de leitura\" \/>\n\t<meta name=\"twitter:data1\" content=\"11 minutos\" \/>\n<script type=\"application\/ld+json\" class=\"yoast-schema-graph\">{\"@context\":\"https:\/\/schema.org\",\"@graph\":[{\"@type\":\"WebPage\",\"@id\":\"https:\/\/www.prado-vilamoura.com\/pt-pt\/apartamentos-ferias-algarve\/\",\"url\":\"https:\/\/www.prado-vilamoura.com\/pt-pt\/apartamentos-ferias-algarve\/\",\"name\":\"Melhores Apartamentos F\u00e9rias Algarve - Vilamoura?\",\"isPartOf\":{\"@id\":\"https:\/\/www.prado-vilamoura.com\/pt-pt\/#website\"},\"datePublished\":\"2023-06-26T17:00:11+00:00\",\"dateModified\":\"2023-06-30T11:25:33+00:00\",\"description\":\"Procura apartamentos f\u00e9rias Algarve com piscina & perto da praia? Venha conhecer & reserve os nossos apartamentos em Vilamoura!\",\"breadcrumb\":{\"@id\":\"https:\/\/www.prado-vilamoura.com\/pt-pt\/apartamentos-ferias-algarve\/#breadcrumb\"},\"inLanguage\":\"pt-PT\",\"potentialAction\":[{\"@type\":\"ReadAction\",\"target\":[\"https:\/\/www.prado-vilamoura.com\/pt-pt\/apartamentos-ferias-algarve\/\"]}]},{\"@type\":\"BreadcrumbList\",\"@id\":\"https:\/\/www.prado-vilamoura.com\/pt-pt\/apartamentos-ferias-algarve\/#breadcrumb\",\"itemListElement\":[{\"@type\":\"ListItem\",\"position\":1,\"name\":\"Home\",\"item\":\"https:\/\/www.prado-vilamoura.com\/pt-pt\/\"},{\"@type\":\"ListItem\",\"position\":2,\"name\":\"Apartamentos F\u00e9rias Algarve\"}]},{\"@type\":\"WebSite\",\"@id\":\"https:\/\/www.prado-vilamoura.com\/pt-pt\/#website\",\"url\":\"https:\/\/www.prado-vilamoura.com\/pt-pt\/\",\"name\":\"Prado Vilamoura\",\"description\":\"Self-catering holiday  Villas and Apartments in Vilamoura, the heart of the Algarve\",\"publisher\":{\"@id\":\"https:\/\/www.prado-vilamoura.com\/pt-pt\/#organization\"},\"potentialAction\":[{\"@type\":\"SearchAction\",\"target\":{\"@type\":\"EntryPoint\",\"urlTemplate\":\"https:\/\/www.prado-vilamoura.com\/pt-pt\/?s={search_term_string}\"},\"query-input\":\"required name=search_term_string\"}],\"inLanguage\":\"pt-PT\"},{\"@type\":\"Organization\",\"@id\":\"https:\/\/www.prado-vilamoura.com\/pt-pt\/#organization\",\"name\":\"Prado Vilamoura\",\"url\":\"https:\/\/www.prado-vilamoura.com\/pt-pt\/\",\"logo\":{\"@type\":\"ImageObject\",\"inLanguage\":\"pt-PT\",\"@id\":\"https:\/\/www.prado-vilamoura.com\/pt-pt\/#\/schema\/logo\/image\/\",\"url\":\"https:\/\/www.prado-vilamoura.com\/wp-content\/uploads\/2018\/12\/logo-full.svg\",\"contentUrl\":\"https:\/\/www.prado-vilamoura.com\/wp-content\/uploads\/2018\/12\/logo-full.svg\",\"caption\":\"Prado Vilamoura\"},\"image\":{\"@id\":\"https:\/\/www.prado-vilamoura.com\/pt-pt\/#\/schema\/logo\/image\/\"},\"sameAs\":[\"https:\/\/www.instagram.com\/pradovilamoura\",\"https:\/\/www.facebook.com\/pradovilamoura\",\"https:\/\/twitter.com\/pradovilamoura\"]}]}<\/script>\n<!-- \/ Yoast SEO Premium plugin. -->","yoast_head_json":{"title":"Melhores Apartamentos F\u00e9rias Algarve - Vilamoura?","description":"Procura apartamentos f\u00e9rias Algarve com piscina & perto da praia? Venha conhecer & reserve os nossos apartamentos em Vilamoura!","robots":{"index":"index","follow":"follow","max-snippet":"max-snippet:-1","max-image-preview":"max-image-preview:large","max-video-preview":"max-video-preview:-1"},"canonical":"https:\/\/www.prado-vilamoura.com\/pt-pt\/apartamentos-ferias-algarve\/","og_locale":"pt_PT","og_type":"article","og_title":"Apartamentos F\u00e9rias Algarve","og_description":"Procura apartamentos f\u00e9rias Algarve com piscina & perto da praia? Venha conhecer & reserve os nossos apartamentos em Vilamoura!","og_url":"https:\/\/www.prado-vilamoura.com\/pt-pt\/apartamentos-ferias-algarve\/","og_site_name":"Prado Vilamoura","article_publisher":"https:\/\/www.facebook.com\/pradovilamoura","article_modified_time":"2023-06-30T11:25:33+00:00","og_image":[{"url":"https:\/\/www.prado-vilamoura.com\/wp-content\/uploads\/2023\/05\/apartamentos-ferias-vilamoura-algarve.webp"}],"twitter_card":"summary_large_image","twitter_site":"@pradovilamoura","twitter_misc":{"Tempo estimado de leitura":"11 minutos"},"schema":{"@context":"https:\/\/schema.org","@graph":[{"@type":"WebPage","@id":"https:\/\/www.prado-vilamoura.com\/pt-pt\/apartamentos-ferias-algarve\/","url":"https:\/\/www.prado-vilamoura.com\/pt-pt\/apartamentos-ferias-algarve\/","name":"Melhores Apartamentos F\u00e9rias Algarve - Vilamoura?","isPartOf":{"@id":"https:\/\/www.prado-vilamoura.com\/pt-pt\/#website"},"datePublished":"2023-06-26T17:00:11+00:00","dateModified":"2023-06-30T11:25:33+00:00","description":"Procura apartamentos f\u00e9rias Algarve com piscina & perto da praia? Venha conhecer & reserve os nossos apartamentos em Vilamoura!","breadcrumb":{"@id":"https:\/\/www.prado-vilamoura.com\/pt-pt\/apartamentos-ferias-algarve\/#breadcrumb"},"inLanguage":"pt-PT","potentialAction":[{"@type":"ReadAction","target":["https:\/\/www.prado-vilamoura.com\/pt-pt\/apartamentos-ferias-algarve\/"]}]},{"@type":"BreadcrumbList","@id":"https:\/\/www.prado-vilamoura.com\/pt-pt\/apartamentos-ferias-algarve\/#breadcrumb","itemListElement":[{"@type":"ListItem","position":1,"name":"Home","item":"https:\/\/www.prado-vilamoura.com\/pt-pt\/"},{"@type":"ListItem","position":2,"name":"Apartamentos F\u00e9rias Algarve"}]},{"@type":"WebSite","@id":"https:\/\/www.prado-vilamoura.com\/pt-pt\/#website","url":"https:\/\/www.prado-vilamoura.com\/pt-pt\/","name":"Prado Vilamoura","description":"Self-catering holiday  Villas and Apartments in Vilamoura, the heart of the Algarve","publisher":{"@id":"https:\/\/www.prado-vilamoura.com\/pt-pt\/#organization"},"potentialAction":[{"@type":"SearchAction","target":{"@type":"EntryPoint","urlTemplate":"https:\/\/www.prado-vilamoura.com\/pt-pt\/?s={search_term_string}"},"query-input":"required name=search_term_string"}],"inLanguage":"pt-PT"},{"@type":"Organization","@id":"https:\/\/www.prado-vilamoura.com\/pt-pt\/#organization","name":"Prado Vilamoura","url":"https:\/\/www.prado-vilamoura.com\/pt-pt\/","logo":{"@type":"ImageObject","inLanguage":"pt-PT","@id":"https:\/\/www.prado-vilamoura.com\/pt-pt\/#\/schema\/logo\/image\/","url":"https:\/\/www.prado-vilamoura.com\/wp-content\/uploads\/2018\/12\/logo-full.svg","contentUrl":"https:\/\/www.prado-vilamoura.com\/wp-content\/uploads\/2018\/12\/logo-full.svg","caption":"Prado Vilamoura"},"image":{"@id":"https:\/\/www.prado-vilamoura.com\/pt-pt\/#\/schema\/logo\/image\/"},"sameAs":["https:\/\/www.instagram.com\/pradovilamoura","https:\/\/www.facebook.com\/pradovilamoura","https:\/\/twitter.com\/pradovilamoura"]}]}},"_links":{"self":[{"href":"https:\/\/www.prado-vilamoura.com\/pt-pt\/wp-json\/wp\/v2\/pages\/10711"}],"collection":[{"href":"https:\/\/www.prado-vilamoura.com\/pt-pt\/wp-json\/wp\/v2\/pages"}],"about":[{"href":"https:\/\/www.prado-vilamoura.com\/pt-pt\/wp-json\/wp\/v2\/types\/page"}],"author":[{"embeddable":true,"href":"https:\/\/www.prado-vilamoura.com\/pt-pt\/wp-json\/wp\/v2\/users\/3"}],"replies":[{"embeddable":true,"href":"https:\/\/www.prado-vilamoura.com\/pt-pt\/wp-json\/wp\/v2\/comments?post=10711"}],"version-history":[{"count":8,"href":"https:\/\/www.prado-vilamoura.com\/pt-pt\/wp-json\/wp\/v2\/pages\/10711\/revisions"}],"predecessor-version":[{"id":10716,"href":"https:\/\/www.prado-vilamoura.com\/pt-pt\/wp-json\/wp\/v2\/pages\/10711\/revisions\/10716"}],"wp:attachment":[{"href":"https:\/\/www.prado-vilamoura.com\/pt-pt\/wp-json\/wp\/v2\/media?parent=10711"}],"curies":[{"name":"wp","href":"https:\/\/api.w.org\/{rel}","templated":true}]}}