{"id":1408,"date":"2016-09-16T06:51:07","date_gmt":"2016-09-16T05:51:07","guid":{"rendered":"http:\/\/prado-vilamoura.com\/?page_id=1408"},"modified":"2022-12-03T11:49:37","modified_gmt":"2022-12-03T11:49:37","slug":"contatar","status":"publish","type":"page","link":"https:\/\/www.prado-vilamoura.com\/pt-pt\/contatar\/","title":{"rendered":"Contate-Nos"},"content":{"rendered":"<section class=\"wpb-content-wrapper\"><p>[vc_row full_width=&#8221;stretch_row_content_no_spaces&#8221;][vc_column width=&#8221;1\/2&#8243;][vc_row_inner css=&#8221;.vc_custom_1547829332474{padding-right: 50px !important;padding-left: 50px !important;}&#8221;][vc_column_inner][vc_custom_heading text=&#8221;Prado Villas&#8221; font_container=&#8221;tag:h4|text_align:left&#8221; use_theme_fonts=&#8221;yes&#8221; text_transform=&#8221;text-uppercase&#8221; el_class=&#8221;m-b-md m-t-lg&#8221;][vc_separator color=&#8221;custom&#8221; align=&#8221;align_left&#8221; border_width=&#8221;3&#8243; type=&#8221;small&#8221; gap=&#8221;short&#8221; accent_color=&#8221;#018aac&#8221;][vc_gmaps link=&#8221;#E-8_JTNDaWZyYW1lJTIwc3JjJTNEJTIyaHR0cHMlM0ElMkYlMkZ3d3cuZ29vZ2xlLmNvbSUyRm1hcHMlMkZlbWJlZCUzRnBiJTNEJTIxMW0xOCUyMTFtMTIlMjExbTMlMjExZDMxODIuNDIyMDA5NzIzMDcyMyUyMTJkLTguMTE2MzIxODg0MjI0OTc5JTIxM2QzNy4wOTUwNzA3Nzk4ODg4NjQlMjEybTMlMjExZjAlMjEyZjAlMjEzZjAlMjEzbTIlMjExaTEwMjQlMjEyaTc2OCUyMTRmMTMuMSUyMTNtMyUyMTFtMiUyMTFzMHhkMWFiNWU3ZDA1MTNmMWQlMjUzQTB4MTdmMjkwZDBjNTY3MTZkNSUyMTJzUHJhZG8lMkJWaWxsYXMlMjE1ZTAlMjEzbTIlMjExc2VuJTIxMnN1ayUyMTR2MTU0NzgyODQ4NTEyMCUyMiUyMHdpZHRoJTNEJTIyNjAwJTIyJTIwaGVpZ2h0JTNEJTIyNDUwJTIyJTIwZnJhbWVib3JkZXIlM0QlMjIwJTIyJTIwc3R5bGUlM0QlMjJib3JkZXIlM0EwJTIyJTIwYWxsb3dmdWxsc2NyZWVuJTNFJTNDJTJGaWZyYW1lJTNF&#8221; size=&#8221;300px&#8221;][vc_column_text]As<strong> Prado Villas<\/strong>\u00a0ficam a apenas 25 kms do Aeroporto de Faro\u2013 tempo de desloca\u00e7\u00e3o de aproximadamente 25 minutos de carro.[\/vc_column_text]<div class=\"evc-icon-with-text evc-shortcode  evc-iwt-icon-left\">\n\t<div class=\"evc-iwt-icon-holder\">\n\t\t\t\n\t<span class=\"evc-iwt-icon fa fa-map-marker\" style=\"color: #1aa4c7\"><\/span>\n\t<\/div>\n\t<div class=\"evc-iwt-content\">\n\t\t\t<h4 class=\"evc-iwt-title\" >\n\t\t\t\t\tGPS\t\t\t<\/h4>\n\t<p class=\"evc-iwt-text\" >Latitude: 37.095503 Longitude: -8.113972<\/p>\n\t<\/div>\n<\/div>\n<div class=\"evc-icon-with-text evc-shortcode  evc-iwt-icon-left\">\n\t<div class=\"evc-iwt-icon-holder\">\n\t\t\t\n\t<span class=\"evc-iwt-icon fa fa-home\" style=\"color: #1aa4c7\"><\/span>\n\t<\/div>\n\t<div class=\"evc-iwt-content\">\n\t\t\t<h4 class=\"evc-iwt-title\" >\n\t\t\t\t\tEndere\u00e7o\t\t\t<\/h4>\n\t<p class=\"evc-iwt-text\" >PRADO VILLAS, Volta da Manh\u00e3, Vilamoura, Algarve<\/p>\n\t<\/div>\n<\/div>\n<a class=\"porto-sicon-box-link\" href=\"mailto:enquiries@prado-vilamoura.com\"><div class=\"porto-sicon-box  wpb_custom_1efe903570d178ff0a9b7bfa5febd3a4 style_2 default-icon\"><div class=\"porto-sicon-default\"><div class=\"porto-just-icon-wrapper porto-icon none\" style=\"color:#1aa4c7;font-size:24px;\"><i class=\"fa fa-envelope\"><\/i><\/div><\/div><div class=\"porto-sicon-header\"><h4 class=\"porto-sicon-title\" style=\"font-weight:700;font-size:14px;color:#303030;\">Email<\/h4><p>enquiries@prado-vilamoura.com<\/p><\/div> <!-- header --><\/div><!-- porto-sicon-box --><\/a><div class=\"evc-icon-with-text evc-shortcode  evc-iwt-icon-left\">\n\t<div class=\"evc-iwt-icon-holder\">\n\t\t\t\n\t<span class=\"evc-iwt-icon fas fa-phone-square\" style=\"color: #1aa4c7\"><\/span>\n\t<\/div>\n\t<div class=\"evc-iwt-content\">\n\t\t\t<h4 class=\"evc-iwt-title\" >\n\t\t\t\t\tTelefone\t\t\t<\/h4>\n\t<p class=\"evc-iwt-text\" >(+351) 289 321104 (9h00 \u2013 18h00), (+351) 913264524 - Depois do hor\u00e1rio da Rece\u00e7\u00e3o<\/p>\n\t<\/div>\n<\/div>\n<div class=\"evc-icon-with-text evc-shortcode  evc-iwt-icon-left\">\n\t<div class=\"evc-iwt-icon-holder\">\n\t\t\t\n\t<span class=\"evc-iwt-icon fas fa-clock\" style=\"color: #1aa4c7\"><\/span>\n\t<\/div>\n\t<div class=\"evc-iwt-content\">\n\t\t\t<h4 class=\"evc-iwt-title\" >\n\t\t\t\t\tHor\u00e1rio da Rece\u00e7\u00e3o\t\t\t<\/h4>\n\t<p class=\"evc-iwt-text\" >9h00 - 18h00<\/p>\n\t<\/div>\n<\/div>\n[\/vc_column_inner][\/vc_row_inner][\/vc_column][vc_column width=&#8221;1\/2&#8243;][vc_row_inner css=&#8221;.vc_custom_1547829332474{padding-right: 50px !important;padding-left: 50px !important;}&#8221;][vc_column_inner][vc_custom_heading text=&#8221;Prado do Golf&#8221; font_container=&#8221;tag:h4|text_align:left&#8221; use_theme_fonts=&#8221;yes&#8221; text_transform=&#8221;text-uppercase&#8221; el_class=&#8221;m-b-md m-t-lg&#8221;][vc_separator color=&#8221;custom&#8221; align=&#8221;align_left&#8221; border_width=&#8221;3&#8243; type=&#8221;small&#8221; gap=&#8221;short&#8221; accent_color=&#8221;#018aac&#8221;][vc_gmaps link=&#8221;#E-8_JTNDaWZyYW1lJTIwc3JjJTNEJTIyaHR0cHMlM0ElMkYlMkZ3d3cuZ29vZ2xlLmNvbSUyRm1hcHMlMkZlbWJlZCUzRnBiJTNEJTIxMW0xOCUyMTFtMTIlMjExbTMlMjExZDMxODIuMDk5NDk3NTgzOTkzNSUyMTJkLTguMTIwOTI0NTg0MjI0NzElMjEzZDM3LjEwMjc0ODk3OTg4NzMzJTIxMm0zJTIxMWYwJTIxMmYwJTIxM2YwJTIxM20yJTIxMWkxMDI0JTIxMmk3NjglMjE0ZjEzLjElMjEzbTMlMjExbTIlMjExczB4ZDFhYjVlN2QwNTEzZjFkJTI1M0EweDdkNTI3Y2RlNmNlZmMzYWYlMjEyc1ByYWRvJTJCVmlsYW1vdXJhJTJCLSUyQlByYWRvJTJCZG8lMkJHb2xmJTIxNWUwJTIxM20yJTIxMXNlbiUyMTJzdWslMjE0djE1NDc4Mjg1NDUyODUlMjIlMjB3aWR0aCUzRCUyMjYwMCUyMiUyMGhlaWdodCUzRCUyMjQ1MCUyMiUyMGZyYW1lYm9yZGVyJTNEJTIyMCUyMiUyMHN0eWxlJTNEJTIyYm9yZGVyJTNBMCUyMiUyMGFsbG93ZnVsbHNjcmVlbiUzRSUzQyUyRmlmcmFtZSUzRQ==&#8221; size=&#8221;300px&#8221;][vc_column_text]<strong>Prado do Golf<\/strong> fica a apenas 25 kms do Aeroporto de Faro\u2013 tempo de desloca\u00e7\u00e3o de aproximadamente 25 minutos de carro.[\/vc_column_text]<div class=\"evc-icon-with-text evc-shortcode  evc-iwt-icon-left\">\n\t<div class=\"evc-iwt-icon-holder\">\n\t\t\t\n\t<span class=\"evc-iwt-icon fa fa-map-marker\" style=\"color: #1aa4c7\"><\/span>\n\t<\/div>\n\t<div class=\"evc-iwt-content\">\n\t\t\t<h4 class=\"evc-iwt-title\" >\n\t\t\t\t\tGPS\t\t\t<\/h4>\n\t<p class=\"evc-iwt-text\" >Latitude: 37.102537 Longitude: -8.118660<\/p>\n\t<\/div>\n<\/div>\n<div class=\"evc-icon-with-text evc-shortcode  evc-iwt-icon-left\">\n\t<div class=\"evc-iwt-icon-holder\">\n\t\t\t\n\t<span class=\"evc-iwt-icon fa fa-home\" style=\"color: #1aa4c7\"><\/span>\n\t<\/div>\n\t<div class=\"evc-iwt-content\">\n\t\t\t<h4 class=\"evc-iwt-title\" >\n\t\t\t\t\tEndere\u00e7o\t\t\t<\/h4>\n\t<p class=\"evc-iwt-text\" >PRADO DO GOLF Avenida do Parque, Volta do Flamingo, Vilamoura, 8125-404<\/p>\n\t<\/div>\n<\/div>\n<a class=\"porto-sicon-box-link\" href=\"mailto:enquiries@prado-vilamoura.com\"><div class=\"porto-sicon-box  wpb_custom_1efe903570d178ff0a9b7bfa5febd3a4 style_2 default-icon\"><div class=\"porto-sicon-default\"><div class=\"porto-just-icon-wrapper porto-icon none\" style=\"color:#1aa4c7;font-size:24px;\"><i class=\"fa fa-envelope\"><\/i><\/div><\/div><div class=\"porto-sicon-header\"><h4 class=\"porto-sicon-title\" style=\"font-weight:700;font-size:14px;color:#303030;\">Email<\/h4><p>enquiries@prado-vilamoura.com<\/p><\/div> <!-- header --><\/div><!-- porto-sicon-box --><\/a><div class=\"evc-icon-with-text evc-shortcode  evc-iwt-icon-left\">\n\t<div class=\"evc-iwt-icon-holder\">\n\t\t\t\n\t<span class=\"evc-iwt-icon fas fa-phone-square\" style=\"color: #1aa4c7\"><\/span>\n\t<\/div>\n\t<div class=\"evc-iwt-content\">\n\t\t\t<h4 class=\"evc-iwt-title\" >\n\t\t\t\t\tTelefone\t\t\t<\/h4>\n\t<p class=\"evc-iwt-text\" >(+351) 289 321250 (9h00 \u2013 18h00), (+351) 913264524 - Depois do hor\u00e1rio da Rece\u00e7\u00e3o<\/p>\n\t<\/div>\n<\/div>\n<div class=\"evc-icon-with-text evc-shortcode  evc-iwt-icon-left\">\n\t<div class=\"evc-iwt-icon-holder\">\n\t\t\t\n\t<span class=\"evc-iwt-icon fas fa-clock\" style=\"color: #1aa4c7\"><\/span>\n\t<\/div>\n\t<div class=\"evc-iwt-content\">\n\t\t\t<h4 class=\"evc-iwt-title\" >\n\t\t\t\t\tHor\u00e1rio da Rece\u00e7\u00e3o\t\t\t<\/h4>\n\t<p class=\"evc-iwt-text\" >9h00 - 18h00<\/p>\n\t<\/div>\n<\/div>\n[\/vc_column_inner][\/vc_row_inner][\/vc_column][\/vc_row][vc_row css=&#8221;.vc_custom_1547830007107{padding-right: 50px !important;padding-left: 50px !important;}&#8221;][vc_column][vc_column_text]Por favor, note: ao reservar pela internet, os seus dados s\u00e3o protegidos por uma liga\u00e7\u00e3o segura<\/p>\n<p>Aquando da reserva, \u00e9 exig\u00edvel um dep\u00f3sito n\u00e3o reembols\u00e1vel de 30% do total. O remanescente ser\u00e1 liquidado \u00e0 chegada.<\/p>\n<p>Aceitamos cart\u00f5es Visa e Mastercard. N\u00e3o aceitamos cart\u00f5es American Express[\/vc_column_text][vc_column_text]A nossa equipa de re\u00e7e\u00e7\u00e3o est\u00e1 \u00e0 sua disposi\u00e7\u00e3o para ajudar. Se necessitar de sugest\u00f5es ou ajuda para a organiza\u00e7\u00e3o de transferes de e para o aeroporto ou pretender alugar uma viatura, queira ligar-nos (+351) 289 321250 ou enviar um email\u00a0 <a href=\"mailto:enquiries@prado-vilamoura.com\">enquiries@prado-vilamoura.com<\/a>[\/vc_column_text][\/vc_column][\/vc_row][vc_row css=&#8221;.vc_custom_1550854896089{padding-right: 10px !important;padding-bottom: 60px !important;padding-left: 10px !important;}&#8221;][vc_column section_text_color=&#8221;light&#8221;]<div class=\"porto-section\"><section class=\" section section-quaternary section-text-light m-t-none m-b-none section-no-borders  p-5\">\n<div class=\"wpcf7 no-js\" id=\"wpcf7-f1416-o1\" lang=\"pt-PT\" dir=\"ltr\">\n<div class=\"screen-reader-response\"><p role=\"status\" aria-live=\"polite\" aria-atomic=\"true\"><\/p> <ul><\/ul><\/div>\n<form action=\"\/pt-pt\/wp-json\/wp\/v2\/pages\/1408#wpcf7-f1416-o1\" method=\"post\" class=\"wpcf7-form init\" aria-label=\"Contact form\" novalidate=\"novalidate\" data-status=\"init\">\n<div style=\"display: none;\">\n<input type=\"hidden\" name=\"_wpcf7\" value=\"1416\" \/>\n<input type=\"hidden\" name=\"_wpcf7_version\" value=\"5.7.3\" \/>\n<input type=\"hidden\" name=\"_wpcf7_locale\" value=\"pt_PT\" \/>\n<input type=\"hidden\" name=\"_wpcf7_unit_tag\" value=\"wpcf7-f1416-o1\" \/>\n<input type=\"hidden\" name=\"_wpcf7_container_post\" value=\"0\" \/>\n<input type=\"hidden\" name=\"_wpcf7_posted_data_hash\" value=\"\" \/>\n<input type=\"hidden\" name=\"redirect_nonce\" value=\"7f7ff57420\" \/>\n<input type=\"hidden\" name=\"wpcf7cfpdf_hidden_name\" value=\"document-pdf\" \/>\n<input type=\"hidden\" name=\"wpcf7cfpdf_hidden_reference\" value=\"a835e517\" \/>\n<input type=\"hidden\" name=\"wpcf7cfpdf_hidden_date\" value=\"05012026\" \/>\n<input type=\"hidden\" name=\"_wpcf7_recaptcha_response\" value=\"\" \/>\n<\/div>\n<h4 class=\"m-t-md m-b-md pb-0 text-uppercase\">Formul\u00e1rio de Consulta R\u00e1pida\n<\/h4>\n<div class=\"row\">\n\t<div class=\"col-lg-6\">\n\t\t<div class=\"form-group\">\n\t\t\t<p><label for=\"contact-name\">Nome Completo *<\/label><br \/>\n<span class=\"wpcf7-form-control-wrap\" data-name=\"contact-name\"><input size=\"40\" class=\"wpcf7-form-control wpcf7-text wpcf7-validates-as-required form-control\" id=\"contact-name\" aria-required=\"true\" aria-invalid=\"false\" value=\"\" type=\"text\" name=\"contact-name\" \/><\/span>\n\t\t\t<\/p>\n\t\t<\/div>\n\t<\/div>\n\t<div class=\"col-lg-6\">\n\t\t<div class=\"form-group\">\n\t\t\t<p><label for=\"contact-email\">Endere\u00e7o de Email *<\/label><br \/>\n<span class=\"wpcf7-form-control-wrap\" data-name=\"contact-email\"><input size=\"40\" class=\"wpcf7-form-control wpcf7-text wpcf7-email wpcf7-validates-as-required wpcf7-validates-as-email form-control\" id=\"contact-email\" aria-required=\"true\" aria-invalid=\"false\" value=\"\" type=\"email\" name=\"contact-email\" \/><\/span>\n\t\t\t<\/p>\n\t\t<\/div>\n\t<\/div>\n\t<div class=\"col-lg-6\">\n\t\t<div class=\"form-group\">\n\t\t\t<p><label for=\"contact-subject\">Assunto *<\/label><br \/>\n<span class=\"wpcf7-form-control-wrap\" data-name=\"contact-subject\"><input size=\"40\" class=\"wpcf7-form-control wpcf7-text wpcf7-validates-as-required form-control\" id=\"contact-subject\" aria-required=\"true\" aria-invalid=\"false\" value=\"\" type=\"text\" name=\"contact-subject\" \/><\/span>\n\t\t\t<\/p>\n\t\t<\/div>\n\t<\/div>\n\t<div class=\"col-lg-6\">\n\t\t<div class=\"form-group\">\n\t\t\t<p><label for=\"contact-subject\">N\u00famero de Telefone<\/label><br \/>\n<span class=\"wpcf7-form-control-wrap\" data-name=\"contact-phone\"><input size=\"40\" class=\"wpcf7-form-control wpcf7-text form-control\" id=\"contact-phone\" aria-invalid=\"false\" value=\"\" type=\"text\" name=\"contact-phone\" \/><\/span>\n\t\t\t<\/p>\n\t\t<\/div>\n\t<\/div>\n\t<div class=\"col-lg-12\">\n\t\t<div class=\"form-group\">\n\t\t\t<p><label for=\"contact-message\">Informa\u00e7\u00e3o Adicional *<\/label><br \/>\n<span class=\"wpcf7-form-control-wrap\" data-name=\"contact-message\"><textarea cols=\"40\" rows=\"10\" class=\"wpcf7-form-control wpcf7-textarea wpcf7-validates-as-required form-control\" id=\"contact-message\" aria-required=\"true\" aria-invalid=\"false\" name=\"contact-message\"><\/textarea><\/span>\n\t\t\t<\/p>\n\t\t<\/div>\n\t<\/div>\n\t<div class=\"col-lg-12\">\n\t\t<div class=\"form-group\">\n\t\t<span class=\"wpcf7-form-control-wrap recaptcha\" data-name=\"recaptcha\"><span data-sitekey=\"6LdV_90aAAAAANL2Lqnf6LoITj1f_1sI73Oi6j4K\" class=\"wpcf7-form-control g-recaptcha wpcf7-recaptcha\"><\/span>\r\n<noscript>\r\n\t<div class=\"grecaptcha-noscript\">\r\n\t\t<iframe src=\"https:\/\/www.google.com\/recaptcha\/api\/fallback?k=6LdV_90aAAAAANL2Lqnf6LoITj1f_1sI73Oi6j4K\" frameborder=\"0\" scrolling=\"no\" width=\"310\" height=\"430\">\r\n\t\t<\/iframe>\r\n\t\t<textarea name=\"g-recaptcha-response\" rows=\"3\" cols=\"40\" placeholder=\"reCaptcha Response Here\">\r\n\t\t<\/textarea>\r\n\t<\/div>\r\n<\/noscript>\r\n<\/span>\n\t\t<\/div>\n\t<\/div>\n\t<div class=\"col-lg-12\">\n\t\t<div class=\"form-group\">\n\t\t\t<div class=\"cform cf-full-row consent\">\n\t\t\t\t<p><span class=\"wpcf7-form-control-wrap\" data-name=\"your-consent\"><span class=\"wpcf7-form-control wpcf7-acceptance\"><span class=\"wpcf7-list-item\"><label><input type=\"checkbox\" name=\"your-consent\" value=\"1\" aria-invalid=\"false\" \/><span class=\"wpcf7-list-item-label\">Confirmo que li e aceito a <a href=\"\/pt-pt\/politica-de-privacidade\/\">pol\u00edtica de privacidade &amp; cookies<\/a>.<\/span><\/label><\/span><\/span><\/span>\n\t\t\t\t<\/p>\n\t\t\t\t<div class=\"disclaimer\">\n\t\t\t\t\t<p>Este formul\u00e1rio recolhe o seu nome, o seu endere\u00e7o de email e o seu n\u00famero de telefone para que algu\u00e9m da nossa equipa possa comunicar consigo e dar-lhe assist\u00eancia. Por favor, consulte a nossa <a href=\"\/pt-pt\/politica-de-privacidade\/\">Pol\u00edtica de Privacidade<\/a> para saber o que fazemos com os seus dados.\n\t\t\t\t\t<\/p>\n\t\t\t\t<\/div>\n\t\t\t<\/div>\n\t\t<\/div>\n\t<\/div>\n\t<div class=\"col-lg-12\">\n\t\t<div class=\"form-group\">\n\t\t\t<p><input class=\"wpcf7-form-control has-spinner wpcf7-submit btn btn-primary btn-lg btn-block text-uppercase p-md\" type=\"submit\" value=\"Reserva Agora\" \/>\n\t\t\t<\/p>\n\t\t<\/div>\n\t<\/div>\n<\/div><div class=\"wpcf7-response-output\" aria-hidden=\"true\"><\/div>\n<\/form>\n<\/div>\n<\/section><\/div>[\/vc_column][\/vc_row]<\/p>\n<\/section>","protected":false},"excerpt":{"rendered":"<p>[vc_row full_width=&#8221;stretch_row_content_no_spaces&#8221;][vc_column width=&#8221;1\/2&#8243;][vc_row_inner css=&#8221;.vc_custom_1547829332474{padding-right: 50px !important;padding-left: 50px !important;}&#8221;][vc_column_inner][vc_custom_heading text=&#8221;Prado Villas&#8221; font_container=&#8221;tag:h4|text_align:left&#8221; use_theme_fonts=&#8221;yes&#8221; text_transform=&#8221;text-uppercase&#8221; el_class=&#8221;m-b-md m-t-lg&#8221;][vc_separator color=&#8221;custom&#8221; align=&#8221;align_left&#8221; border_width=&#8221;3&#8243; type=&#8221;small&#8221; gap=&#8221;short&#8221; accent_color=&#8221;#018aac&#8221;][vc_gmaps link=&#8221;#E-8_JTNDaWZyYW1lJTIwc3JjJTNEJTIyaHR0cHMlM0ElMkYlMkZ3d3cuZ29vZ2xlLmNvbSUyRm1hcHMlMkZlbWJlZCUzRnBiJTNEJTIxMW0xOCUyMTFtMTIlMjExbTMlMjExZDMxODIuNDIyMDA5NzIzMDcyMyUyMTJkLTguMTE2MzIxODg0MjI0OTc5JTIxM2QzNy4wOTUwNzA3Nzk4ODg4NjQlMjEybTMlMjExZjAlMjEyZjAlMjEzZjAlMjEzbTIlMjExaTEwMjQlMjEyaTc2OCUyMTRmMTMuMSUyMTNtMyUyMTFtMiUyMTFzMHhkMWFiNWU3ZDA1MTNmMWQlMjUzQTB4MTdmMjkwZDBjNTY3MTZkNSUyMTJzUHJhZG8lMkJWaWxsYXMlMjE1ZTAlMjEzbTIlMjExc2VuJTIxMnN1ayUyMTR2MTU0NzgyODQ4NTEyMCUyMiUyMHdpZHRoJTNEJTIyNjAwJTIyJTIwaGVpZ2h0JTNEJTIyNDUwJTIyJTIwZnJhbWVib3JkZXIlM0QlMjIwJTIyJTIwc3R5bGUlM0QlMjJib3JkZXIlM0EwJTIyJTIwYWxsb3dmdWxsc2NyZWVuJTNFJTNDJTJGaWZyYW1lJTNF&#8221; size=&#8221;300px&#8221;][vc_column_text]As Prado Villas\u00a0ficam a apenas 25 kms do Aeroporto de Faro\u2013 tempo de desloca\u00e7\u00e3o de aproximadamente 25 minutos de carro.[\/vc_column_text][\/vc_column_inner][\/vc_row_inner][\/vc_column][vc_column width=&#8221;1\/2&#8243;][vc_row_inner css=&#8221;.vc_custom_1547829332474{padding-right: 50px !important;padding-left: 50px !important;}&#8221;][vc_column_inner][vc_custom_heading text=&#8221;Prado do Golf&#8221; font_container=&#8221;tag:h4|text_align:left&#8221; use_theme_fonts=&#8221;yes&#8221; text_transform=&#8221;text-uppercase&#8221; el_class=&#8221;m-b-md [&hellip;]<\/p>\n","protected":false},"author":1,"featured_media":0,"parent":0,"menu_order":0,"comment_status":"closed","ping_status":"closed","template":"","meta":[],"yoast_head":"<!-- This site is optimized with the Yoast SEO Premium plugin v20.0 (Yoast SEO v20.0) - https:\/\/yoast.com\/wordpress\/plugins\/seo\/ -->\n<title>Contate-Nos | Prado Vilamoura<\/title>\n<meta name=\"description\" content=\"Entre em Contato connosco +351 289 321250, email:reservas@prado-vilamoura.com. Siga-nos no facebook e instagram @pradovilamoura\" \/>\n<meta name=\"robots\" content=\"index, follow, max-snippet:-1, max-image-preview:large, max-video-preview:-1\" \/>\n<link rel=\"canonical\" href=\"https:\/\/www.prado-vilamoura.com\/pt-pt\/contatar\/\" \/>\n<meta property=\"og:locale\" content=\"pt_PT\" \/>\n<meta property=\"og:type\" content=\"article\" \/>\n<meta property=\"og:title\" content=\"Contate-Nos\" \/>\n<meta property=\"og:description\" content=\"Entre em Contato connosco +351 289 321250, email:reservas@prado-vilamoura.com. Siga-nos no facebook e instagram @pradovilamoura\" \/>\n<meta property=\"og:url\" content=\"https:\/\/www.prado-vilamoura.com\/pt-pt\/contatar\/\" \/>\n<meta property=\"og:site_name\" content=\"Prado Vilamoura\" \/>\n<meta property=\"article:publisher\" content=\"https:\/\/www.facebook.com\/pradovilamoura\" \/>\n<meta property=\"article:modified_time\" content=\"2022-12-03T11:49:37+00:00\" \/>\n<meta name=\"twitter:card\" content=\"summary_large_image\" \/>\n<meta name=\"twitter:site\" content=\"@pradovilamoura\" \/>\n<meta name=\"twitter:label1\" content=\"Tempo estimado de leitura\" \/>\n\t<meta name=\"twitter:data1\" content=\"2 minutos\" \/>\n<script type=\"application\/ld+json\" class=\"yoast-schema-graph\">{\"@context\":\"https:\/\/schema.org\",\"@graph\":[{\"@type\":\"WebPage\",\"@id\":\"https:\/\/www.prado-vilamoura.com\/pt-pt\/contatar\/\",\"url\":\"https:\/\/www.prado-vilamoura.com\/pt-pt\/contatar\/\",\"name\":\"Contate-Nos | Prado Vilamoura\",\"isPartOf\":{\"@id\":\"https:\/\/www.prado-vilamoura.com\/pt-pt\/#website\"},\"datePublished\":\"2016-09-16T05:51:07+00:00\",\"dateModified\":\"2022-12-03T11:49:37+00:00\",\"description\":\"Entre em Contato connosco +351 289 321250, email:reservas@prado-vilamoura.com. Siga-nos no facebook e instagram @pradovilamoura\",\"breadcrumb\":{\"@id\":\"https:\/\/www.prado-vilamoura.com\/pt-pt\/contatar\/#breadcrumb\"},\"inLanguage\":\"pt-PT\",\"potentialAction\":[{\"@type\":\"ReadAction\",\"target\":[\"https:\/\/www.prado-vilamoura.com\/pt-pt\/contatar\/\"]}]},{\"@type\":\"BreadcrumbList\",\"@id\":\"https:\/\/www.prado-vilamoura.com\/pt-pt\/contatar\/#breadcrumb\",\"itemListElement\":[{\"@type\":\"ListItem\",\"position\":1,\"name\":\"Home\",\"item\":\"https:\/\/www.prado-vilamoura.com\/pt-pt\/\"},{\"@type\":\"ListItem\",\"position\":2,\"name\":\"Contate-Nos\"}]},{\"@type\":\"WebSite\",\"@id\":\"https:\/\/www.prado-vilamoura.com\/pt-pt\/#website\",\"url\":\"https:\/\/www.prado-vilamoura.com\/pt-pt\/\",\"name\":\"Prado Vilamoura\",\"description\":\"Self-catering holiday  Villas and Apartments in Vilamoura, the heart of the Algarve\",\"publisher\":{\"@id\":\"https:\/\/www.prado-vilamoura.com\/pt-pt\/#organization\"},\"potentialAction\":[{\"@type\":\"SearchAction\",\"target\":{\"@type\":\"EntryPoint\",\"urlTemplate\":\"https:\/\/www.prado-vilamoura.com\/pt-pt\/?s={search_term_string}\"},\"query-input\":\"required name=search_term_string\"}],\"inLanguage\":\"pt-PT\"},{\"@type\":\"Organization\",\"@id\":\"https:\/\/www.prado-vilamoura.com\/pt-pt\/#organization\",\"name\":\"Prado Vilamoura\",\"url\":\"https:\/\/www.prado-vilamoura.com\/pt-pt\/\",\"logo\":{\"@type\":\"ImageObject\",\"inLanguage\":\"pt-PT\",\"@id\":\"https:\/\/www.prado-vilamoura.com\/pt-pt\/#\/schema\/logo\/image\/\",\"url\":\"https:\/\/www.prado-vilamoura.com\/wp-content\/uploads\/2018\/12\/logo-full.svg\",\"contentUrl\":\"https:\/\/www.prado-vilamoura.com\/wp-content\/uploads\/2018\/12\/logo-full.svg\",\"caption\":\"Prado Vilamoura\"},\"image\":{\"@id\":\"https:\/\/www.prado-vilamoura.com\/pt-pt\/#\/schema\/logo\/image\/\"},\"sameAs\":[\"https:\/\/www.instagram.com\/pradovilamoura\",\"https:\/\/www.facebook.com\/pradovilamoura\",\"https:\/\/twitter.com\/pradovilamoura\"]}]}<\/script>\n<!-- \/ Yoast SEO Premium plugin. -->","yoast_head_json":{"title":"Contate-Nos | Prado Vilamoura","description":"Entre em Contato connosco +351 289 321250, email:reservas@prado-vilamoura.com. Siga-nos no facebook e instagram @pradovilamoura","robots":{"index":"index","follow":"follow","max-snippet":"max-snippet:-1","max-image-preview":"max-image-preview:large","max-video-preview":"max-video-preview:-1"},"canonical":"https:\/\/www.prado-vilamoura.com\/pt-pt\/contatar\/","og_locale":"pt_PT","og_type":"article","og_title":"Contate-Nos","og_description":"Entre em Contato connosco +351 289 321250, email:reservas@prado-vilamoura.com. Siga-nos no facebook e instagram @pradovilamoura","og_url":"https:\/\/www.prado-vilamoura.com\/pt-pt\/contatar\/","og_site_name":"Prado Vilamoura","article_publisher":"https:\/\/www.facebook.com\/pradovilamoura","article_modified_time":"2022-12-03T11:49:37+00:00","twitter_card":"summary_large_image","twitter_site":"@pradovilamoura","twitter_misc":{"Tempo estimado de leitura":"2 minutos"},"schema":{"@context":"https:\/\/schema.org","@graph":[{"@type":"WebPage","@id":"https:\/\/www.prado-vilamoura.com\/pt-pt\/contatar\/","url":"https:\/\/www.prado-vilamoura.com\/pt-pt\/contatar\/","name":"Contate-Nos | Prado Vilamoura","isPartOf":{"@id":"https:\/\/www.prado-vilamoura.com\/pt-pt\/#website"},"datePublished":"2016-09-16T05:51:07+00:00","dateModified":"2022-12-03T11:49:37+00:00","description":"Entre em Contato connosco +351 289 321250, email:reservas@prado-vilamoura.com. Siga-nos no facebook e instagram @pradovilamoura","breadcrumb":{"@id":"https:\/\/www.prado-vilamoura.com\/pt-pt\/contatar\/#breadcrumb"},"inLanguage":"pt-PT","potentialAction":[{"@type":"ReadAction","target":["https:\/\/www.prado-vilamoura.com\/pt-pt\/contatar\/"]}]},{"@type":"BreadcrumbList","@id":"https:\/\/www.prado-vilamoura.com\/pt-pt\/contatar\/#breadcrumb","itemListElement":[{"@type":"ListItem","position":1,"name":"Home","item":"https:\/\/www.prado-vilamoura.com\/pt-pt\/"},{"@type":"ListItem","position":2,"name":"Contate-Nos"}]},{"@type":"WebSite","@id":"https:\/\/www.prado-vilamoura.com\/pt-pt\/#website","url":"https:\/\/www.prado-vilamoura.com\/pt-pt\/","name":"Prado Vilamoura","description":"Self-catering holiday  Villas and Apartments in Vilamoura, the heart of the Algarve","publisher":{"@id":"https:\/\/www.prado-vilamoura.com\/pt-pt\/#organization"},"potentialAction":[{"@type":"SearchAction","target":{"@type":"EntryPoint","urlTemplate":"https:\/\/www.prado-vilamoura.com\/pt-pt\/?s={search_term_string}"},"query-input":"required name=search_term_string"}],"inLanguage":"pt-PT"},{"@type":"Organization","@id":"https:\/\/www.prado-vilamoura.com\/pt-pt\/#organization","name":"Prado Vilamoura","url":"https:\/\/www.prado-vilamoura.com\/pt-pt\/","logo":{"@type":"ImageObject","inLanguage":"pt-PT","@id":"https:\/\/www.prado-vilamoura.com\/pt-pt\/#\/schema\/logo\/image\/","url":"https:\/\/www.prado-vilamoura.com\/wp-content\/uploads\/2018\/12\/logo-full.svg","contentUrl":"https:\/\/www.prado-vilamoura.com\/wp-content\/uploads\/2018\/12\/logo-full.svg","caption":"Prado Vilamoura"},"image":{"@id":"https:\/\/www.prado-vilamoura.com\/pt-pt\/#\/schema\/logo\/image\/"},"sameAs":["https:\/\/www.instagram.com\/pradovilamoura","https:\/\/www.facebook.com\/pradovilamoura","https:\/\/twitter.com\/pradovilamoura"]}]}},"_links":{"self":[{"href":"https:\/\/www.prado-vilamoura.com\/pt-pt\/wp-json\/wp\/v2\/pages\/1408"}],"collection":[{"href":"https:\/\/www.prado-vilamoura.com\/pt-pt\/wp-json\/wp\/v2\/pages"}],"about":[{"href":"https:\/\/www.prado-vilamoura.com\/pt-pt\/wp-json\/wp\/v2\/types\/page"}],"author":[{"embeddable":true,"href":"https:\/\/www.prado-vilamoura.com\/pt-pt\/wp-json\/wp\/v2\/users\/1"}],"replies":[{"embeddable":true,"href":"https:\/\/www.prado-vilamoura.com\/pt-pt\/wp-json\/wp\/v2\/comments?post=1408"}],"version-history":[{"count":6,"href":"https:\/\/www.prado-vilamoura.com\/pt-pt\/wp-json\/wp\/v2\/pages\/1408\/revisions"}],"predecessor-version":[{"id":8522,"href":"https:\/\/www.prado-vilamoura.com\/pt-pt\/wp-json\/wp\/v2\/pages\/1408\/revisions\/8522"}],"wp:attachment":[{"href":"https:\/\/www.prado-vilamoura.com\/pt-pt\/wp-json\/wp\/v2\/media?parent=1408"}],"curies":[{"name":"wp","href":"https:\/\/api.w.org\/{rel}","templated":true}]}}