{"id":1454,"date":"2016-10-09T15:13:23","date_gmt":"2016-10-09T14:13:23","guid":{"rendered":"http:\/\/prado-vilamoura.com\/?page_id=1454"},"modified":"2026-04-01T12:12:43","modified_gmt":"2026-04-01T11:12:43","slug":"ofertas-especiais","status":"publish","type":"page","link":"https:\/\/www.prado-vilamoura.com\/pt-pt\/ofertas-especiais\/","title":{"rendered":"Ofertas Especiais"},"content":{"rendered":"<section class=\"wpb-content-wrapper\"><p>[vc_row section_skin=&#8221;parallax&#8221; el_class=&#8221;p-t-md&#8221;][vc_column]<div class=\"porto-image-frame  box-shadow-custom thumb-info-side-image-custom thumb-info-side-image-custom-highlight special-offer\"><div class=\"thumb-info thumb-info-hide-wrapper-bg thumb-info-no-zoom thumb-info-no-borders\"><a href=\"#\" title=\"\" target=\"_self\"><span class=\"thumb-info-wrapper\"><img alt=\"Prado do Golf accommodation with pool in vilamoura Algarve\" src=\"\/\/www.prado-vilamoura.com\/wp-content\/uploads\/2019\/06\/Pool-aerial-2.jpg\" class=\"img-responsive\" width=\"2048\" height=\"1365\"><span class=\"thumb-info-title\"><span class=\"thumb-info-inner\">PRADO DO GOLF<em><\/em><\/span><span class=\"thumb-info-type\">OFERTAS EXCLUSIVAS<\/span><\/span><\/span><\/a><div class=\"thumb-info-caption\"><div class=\"thumb-info-caption-text\"><h3 style=\"text-align: center;\">OFERTA 2026- PRADO DO GOLF<\/h3>\n<p style=\"text-align: center;\"><img decoding=\"async\" loading=\"lazy\" class=\"alignleft wp-image-12742 size-medium\" src=\"https:\/\/www.prado-vilamoura.com\/wp-content\/uploads\/2025\/12\/4-300x300.jpg\" alt=\"\" width=\"300\" height=\"300\"><\/p>\n<p>&nbsp;<\/p>\n<p>Quer reservar umas f\u00e9rias no Algarve, mas n\u00e3o quer pagar o pre\u00e7o normal? Reserve diretamente connosco a sua moradia ou apartamento no Prado do Golf.&nbsp;<\/p>\n<p>Os nossos pre\u00e7os s\u00e3o os mais baixos comprados com outras ag\u00eancias. Compare e reserve as f\u00e9rias de 2026 com um desconto immediate de 15%<\/p>\n<p style=\"text-align: left;\"><a class=\"fasc-button fasc-size-large fasc-type-popout fasc-rounded-medium ico-fa fasc-ico-before fa-hand-o-up fasc-style-bold\" style=\"background-color: #f5e465; color: #0a0a0a;\" target=\"_blank\" rel=\"noopener\" href=\"https:\/\/direct-book.com\/properties\/PradodoGolfdirect?locale=pt&amp;items[0][adults]=2&amp;items[0][children]=0&amp;items[0][infants]=0&amp;currency=EUR&amp;checkInDate=2021-06-01&amp;checkOutDate=2021-06-02\">15% Desconto<\/a>&nbsp; \u2013Deposito da 1\u00aa noite n\u00e3o reembols\u00e1vel. Restante do pagamento no dia da chegada.<\/p>\n<p style=\"text-align: center;\">&nbsp;<\/p>\n<p>&nbsp;<\/p>\n<p>&nbsp;<\/p>\n<p style=\"text-align: center;\"><strong>Oferta Valido at\u00e9 31\/5\/26<\/strong><\/p>\n<p>&nbsp;<\/p>\n<p style=\"text-align: center;\">Contacte-nos por email&nbsp;<a href=\"mailto:reservas@prado-vilamoura.com\">reservas@prado-vilamoura.com<\/a><\/p>\n<p>&nbsp;<\/p>\n<p>&nbsp;<\/p>\n<\/div><\/div><\/div><\/div><div class=\"porto-image-frame  box-shadow-custom thumb-info-side-image-custom thumb-info-side-image-custom-highlight special-offer\"><div class=\"thumb-info thumb-info-hide-wrapper-bg thumb-info-no-zoom thumb-info-no-borders\"><a href=\"#\" title=\"\" target=\"_self\"><span class=\"thumb-info-wrapper\"><img alt=\"Prado Villas villa terrace\" src=\"\/\/www.prado-vilamoura.com\/wp-content\/uploads\/2019\/06\/Front-of-villa.jpg\" class=\"img-responsive\" width=\"2048\" height=\"1365\"><span class=\"thumb-info-title\"><span class=\"thumb-info-inner\">PRADO VILLAS<em><\/em><\/span><span class=\"thumb-info-type\">OFERTAS EXCLUSIVAS<\/span><\/span><\/span><\/a><div class=\"thumb-info-caption\"><div class=\"thumb-info-caption-text\"><h3 style=\"text-align: center;\">OFERTA 2026 &#8211; PRADO VILLAS<\/h3>\n<p style=\"text-align: center;\">&nbsp;<\/p>\n<p style=\"text-align: center;\"><img decoding=\"async\" loading=\"lazy\" class=\"alignleft wp-image-12738 size-medium\" src=\"https:\/\/www.prado-vilamoura.com\/wp-content\/uploads\/2025\/12\/2-300x300.jpg\" alt=\"\" width=\"300\" height=\"300\"><\/p>\n<p>&nbsp;<\/p>\n<p>&nbsp;<\/p>\n<p style=\"text-align: center;\"><a class=\"fasc-button fasc-size-large fasc-type-popout fasc-rounded-medium ico-fa fasc-ico-before fa-hand-o-up fasc-style-bold\" style=\"background-color: #f5e465; color: #050505;\" target=\"_blank\" rel=\"noopener\" href=\"https:\/\/direct-book.com\/properties\/PradoVillasDirect?locale=pt&amp;items[0][adults]=2&amp;items[0][children]=0&amp;items[0][infants]=0&amp;currency=EUR&amp;checkInDate=2021-06-01&amp;checkOutDate=2021-06-02\">15% Desconto<\/a> \u2013Deposito da 1\u00aanoite n\u00e3o reembolsavel. Restante do pagamento no dia da chegada.<\/p>\n<p style=\"text-align: center;\">&nbsp;<\/p>\n<p style=\"text-align: center;\"><b>oferta termina 31\/5\/26<\/b><\/p>\n<p>&nbsp;<\/p>\n<p>&nbsp;<\/p>\n<p>&nbsp;<\/p>\n<p style=\"font-weight: 400;\">Contacte-nos por email&nbsp;<span style=\"color: #000000;\"><a style=\"color: #000000;\" href=\"mailto:reservas@prado-vilamoura.com\">reservas@prado-vilamoura.com<\/a><\/span><\/p>\n<\/div><\/div><\/div><\/div>[\/vc_column][\/vc_row][vc_row wrap_container=&#8221;yes&#8221; is_section=&#8221;yes&#8221; section_skin=&#8221;parallax&#8221; remove_margin_top=&#8221;yes&#8221; remove_margin_bottom=&#8221;yes&#8221; remove_border=&#8221;yes&#8221;][vc_column][vc_custom_heading text=&#8221;Termos e Condi\u00e7\u00f5es&#8221; font_container=&#8221;tag:h3|text_align:center&#8221; use_theme_fonts=&#8221;yes&#8221; text_transform=&#8221;text-uppercase&#8221; el_class=&#8221;m-t-md m-b-none&#8221;][vc_separator color=&#8221;custom&#8221; border_width=&#8221;3&#8243; type=&#8221;small&#8221; gap=&#8221;short&#8221; accent_color=&#8221;#bc9552&#8243; el_class=&#8221;m-b-xlg&#8221;][vc_column_text]<\/p>\n<p style=\"font-weight: 400;\">Todas as ofertas est\u00e3o sujeitas a disponibilidade.<\/p>\n<p style=\"font-weight: 400;\">Esta oferta n\u00e3o pode ser acumulada &nbsp;com outras ofertas em vigor.<\/p>\n<p>[\/vc_column_text][\/vc_column][\/vc_row]<\/p>\n<\/section>","protected":false},"excerpt":{"rendered":"<p>[vc_row section_skin=&#8221;parallax&#8221; el_class=&#8221;p-t-md&#8221;][vc_column][\/vc_column][\/vc_row][vc_row wrap_container=&#8221;yes&#8221; is_section=&#8221;yes&#8221; section_skin=&#8221;parallax&#8221; remove_margin_top=&#8221;yes&#8221; remove_margin_bottom=&#8221;yes&#8221; remove_border=&#8221;yes&#8221;][vc_column][vc_custom_heading text=&#8221;Termos e Condi\u00e7\u00f5es&#8221; font_container=&#8221;tag:h3|text_align:center&#8221; use_theme_fonts=&#8221;yes&#8221; text_transform=&#8221;text-uppercase&#8221; el_class=&#8221;m-t-md m-b-none&#8221;][vc_separator color=&#8221;custom&#8221; border_width=&#8221;3&#8243; type=&#8221;small&#8221; gap=&#8221;short&#8221; accent_color=&#8221;#bc9552&#8243; el_class=&#8221;m-b-xlg&#8221;][vc_column_text] Todas as ofertas est\u00e3o sujeitas a disponibilidade. Esta oferta n\u00e3o pode ser acumulada &nbsp;com outras ofertas em vigor. [\/vc_column_text][\/vc_column][\/vc_row]<\/p>\n","protected":false},"author":1,"featured_media":0,"parent":0,"menu_order":0,"comment_status":"closed","ping_status":"closed","template":"","meta":[],"yoast_head":"<!-- This site is optimized with the Yoast SEO Premium plugin v20.0 (Yoast SEO v20.0) - https:\/\/yoast.com\/wordpress\/plugins\/seo\/ -->\n<title>Ofertas Especiais Vilamoura Algarve 2025?<\/title>\n<meta name=\"description\" content=\"Procura ofertas especiais para umas f\u00e9rias em Vilamoura, Algarve2025? Aproveite 15% imediato ao reservar as nossas moradias &amp; apartamentos\" \/>\n<meta name=\"robots\" content=\"index, follow, max-snippet:-1, max-image-preview:large, max-video-preview:-1\" \/>\n<link rel=\"canonical\" href=\"https:\/\/www.prado-vilamoura.com\/pt-pt\/ofertas-especiais\/\" \/>\n<meta property=\"og:locale\" content=\"pt_PT\" \/>\n<meta property=\"og:type\" content=\"article\" \/>\n<meta property=\"og:title\" content=\"Ofertas Especiais\" \/>\n<meta property=\"og:description\" content=\"Procura ofertas especiais para umas f\u00e9rias em Vilamoura, Algarve2025? Aproveite 15% imediato ao reservar as nossas moradias &amp; apartamentos\" \/>\n<meta property=\"og:url\" content=\"https:\/\/www.prado-vilamoura.com\/pt-pt\/ofertas-especiais\/\" \/>\n<meta property=\"og:site_name\" content=\"Prado Vilamoura\" \/>\n<meta property=\"article:publisher\" content=\"https:\/\/www.facebook.com\/pradovilamoura\" \/>\n<meta property=\"article:modified_time\" content=\"2026-04-01T11:12:43+00:00\" \/>\n<meta property=\"og:image\" content=\"https:\/\/www.prado-vilamoura.com\/wp-content\/uploads\/2025\/12\/4-300x300.jpg\" \/>\n<meta name=\"twitter:card\" content=\"summary_large_image\" \/>\n<meta name=\"twitter:site\" content=\"@pradovilamoura\" \/>\n<meta name=\"twitter:label1\" content=\"Tempo estimado de leitura\" \/>\n\t<meta name=\"twitter:data1\" content=\"2 minutos\" \/>\n<script type=\"application\/ld+json\" class=\"yoast-schema-graph\">{\"@context\":\"https:\/\/schema.org\",\"@graph\":[{\"@type\":\"WebPage\",\"@id\":\"https:\/\/www.prado-vilamoura.com\/pt-pt\/ofertas-especiais\/\",\"url\":\"https:\/\/www.prado-vilamoura.com\/pt-pt\/ofertas-especiais\/\",\"name\":\"Ofertas Especiais Vilamoura Algarve 2025?\",\"isPartOf\":{\"@id\":\"https:\/\/www.prado-vilamoura.com\/pt-pt\/#website\"},\"datePublished\":\"2016-10-09T14:13:23+00:00\",\"dateModified\":\"2026-04-01T11:12:43+00:00\",\"description\":\"Procura ofertas especiais para umas f\u00e9rias em Vilamoura, Algarve2025? Aproveite 15% imediato ao reservar as nossas moradias & apartamentos\",\"breadcrumb\":{\"@id\":\"https:\/\/www.prado-vilamoura.com\/pt-pt\/ofertas-especiais\/#breadcrumb\"},\"inLanguage\":\"pt-PT\",\"potentialAction\":[{\"@type\":\"ReadAction\",\"target\":[\"https:\/\/www.prado-vilamoura.com\/pt-pt\/ofertas-especiais\/\"]}]},{\"@type\":\"BreadcrumbList\",\"@id\":\"https:\/\/www.prado-vilamoura.com\/pt-pt\/ofertas-especiais\/#breadcrumb\",\"itemListElement\":[{\"@type\":\"ListItem\",\"position\":1,\"name\":\"Home\",\"item\":\"https:\/\/www.prado-vilamoura.com\/pt-pt\/\"},{\"@type\":\"ListItem\",\"position\":2,\"name\":\"Ofertas Especiais\"}]},{\"@type\":\"WebSite\",\"@id\":\"https:\/\/www.prado-vilamoura.com\/pt-pt\/#website\",\"url\":\"https:\/\/www.prado-vilamoura.com\/pt-pt\/\",\"name\":\"Prado Vilamoura\",\"description\":\"Self-catering holiday  Villas and Apartments in Vilamoura, the heart of the Algarve\",\"publisher\":{\"@id\":\"https:\/\/www.prado-vilamoura.com\/pt-pt\/#organization\"},\"potentialAction\":[{\"@type\":\"SearchAction\",\"target\":{\"@type\":\"EntryPoint\",\"urlTemplate\":\"https:\/\/www.prado-vilamoura.com\/pt-pt\/?s={search_term_string}\"},\"query-input\":\"required name=search_term_string\"}],\"inLanguage\":\"pt-PT\"},{\"@type\":\"Organization\",\"@id\":\"https:\/\/www.prado-vilamoura.com\/pt-pt\/#organization\",\"name\":\"Prado Vilamoura\",\"url\":\"https:\/\/www.prado-vilamoura.com\/pt-pt\/\",\"logo\":{\"@type\":\"ImageObject\",\"inLanguage\":\"pt-PT\",\"@id\":\"https:\/\/www.prado-vilamoura.com\/pt-pt\/#\/schema\/logo\/image\/\",\"url\":\"https:\/\/www.prado-vilamoura.com\/wp-content\/uploads\/2018\/12\/logo-full.svg\",\"contentUrl\":\"https:\/\/www.prado-vilamoura.com\/wp-content\/uploads\/2018\/12\/logo-full.svg\",\"caption\":\"Prado Vilamoura\"},\"image\":{\"@id\":\"https:\/\/www.prado-vilamoura.com\/pt-pt\/#\/schema\/logo\/image\/\"},\"sameAs\":[\"https:\/\/www.instagram.com\/pradovilamoura\",\"https:\/\/www.facebook.com\/pradovilamoura\",\"https:\/\/twitter.com\/pradovilamoura\"]}]}<\/script>\n<!-- \/ Yoast SEO Premium plugin. -->","yoast_head_json":{"title":"Ofertas Especiais Vilamoura Algarve 2025?","description":"Procura ofertas especiais para umas f\u00e9rias em Vilamoura, Algarve2025? Aproveite 15% imediato ao reservar as nossas moradias & apartamentos","robots":{"index":"index","follow":"follow","max-snippet":"max-snippet:-1","max-image-preview":"max-image-preview:large","max-video-preview":"max-video-preview:-1"},"canonical":"https:\/\/www.prado-vilamoura.com\/pt-pt\/ofertas-especiais\/","og_locale":"pt_PT","og_type":"article","og_title":"Ofertas Especiais","og_description":"Procura ofertas especiais para umas f\u00e9rias em Vilamoura, Algarve2025? Aproveite 15% imediato ao reservar as nossas moradias & apartamentos","og_url":"https:\/\/www.prado-vilamoura.com\/pt-pt\/ofertas-especiais\/","og_site_name":"Prado Vilamoura","article_publisher":"https:\/\/www.facebook.com\/pradovilamoura","article_modified_time":"2026-04-01T11:12:43+00:00","og_image":[{"url":"https:\/\/www.prado-vilamoura.com\/wp-content\/uploads\/2025\/12\/4-300x300.jpg"}],"twitter_card":"summary_large_image","twitter_site":"@pradovilamoura","twitter_misc":{"Tempo estimado de leitura":"2 minutos"},"schema":{"@context":"https:\/\/schema.org","@graph":[{"@type":"WebPage","@id":"https:\/\/www.prado-vilamoura.com\/pt-pt\/ofertas-especiais\/","url":"https:\/\/www.prado-vilamoura.com\/pt-pt\/ofertas-especiais\/","name":"Ofertas Especiais Vilamoura Algarve 2025?","isPartOf":{"@id":"https:\/\/www.prado-vilamoura.com\/pt-pt\/#website"},"datePublished":"2016-10-09T14:13:23+00:00","dateModified":"2026-04-01T11:12:43+00:00","description":"Procura ofertas especiais para umas f\u00e9rias em Vilamoura, Algarve2025? Aproveite 15% imediato ao reservar as nossas moradias & apartamentos","breadcrumb":{"@id":"https:\/\/www.prado-vilamoura.com\/pt-pt\/ofertas-especiais\/#breadcrumb"},"inLanguage":"pt-PT","potentialAction":[{"@type":"ReadAction","target":["https:\/\/www.prado-vilamoura.com\/pt-pt\/ofertas-especiais\/"]}]},{"@type":"BreadcrumbList","@id":"https:\/\/www.prado-vilamoura.com\/pt-pt\/ofertas-especiais\/#breadcrumb","itemListElement":[{"@type":"ListItem","position":1,"name":"Home","item":"https:\/\/www.prado-vilamoura.com\/pt-pt\/"},{"@type":"ListItem","position":2,"name":"Ofertas Especiais"}]},{"@type":"WebSite","@id":"https:\/\/www.prado-vilamoura.com\/pt-pt\/#website","url":"https:\/\/www.prado-vilamoura.com\/pt-pt\/","name":"Prado Vilamoura","description":"Self-catering holiday  Villas and Apartments in Vilamoura, the heart of the Algarve","publisher":{"@id":"https:\/\/www.prado-vilamoura.com\/pt-pt\/#organization"},"potentialAction":[{"@type":"SearchAction","target":{"@type":"EntryPoint","urlTemplate":"https:\/\/www.prado-vilamoura.com\/pt-pt\/?s={search_term_string}"},"query-input":"required name=search_term_string"}],"inLanguage":"pt-PT"},{"@type":"Organization","@id":"https:\/\/www.prado-vilamoura.com\/pt-pt\/#organization","name":"Prado Vilamoura","url":"https:\/\/www.prado-vilamoura.com\/pt-pt\/","logo":{"@type":"ImageObject","inLanguage":"pt-PT","@id":"https:\/\/www.prado-vilamoura.com\/pt-pt\/#\/schema\/logo\/image\/","url":"https:\/\/www.prado-vilamoura.com\/wp-content\/uploads\/2018\/12\/logo-full.svg","contentUrl":"https:\/\/www.prado-vilamoura.com\/wp-content\/uploads\/2018\/12\/logo-full.svg","caption":"Prado Vilamoura"},"image":{"@id":"https:\/\/www.prado-vilamoura.com\/pt-pt\/#\/schema\/logo\/image\/"},"sameAs":["https:\/\/www.instagram.com\/pradovilamoura","https:\/\/www.facebook.com\/pradovilamoura","https:\/\/twitter.com\/pradovilamoura"]}]}},"_links":{"self":[{"href":"https:\/\/www.prado-vilamoura.com\/pt-pt\/wp-json\/wp\/v2\/pages\/1454"}],"collection":[{"href":"https:\/\/www.prado-vilamoura.com\/pt-pt\/wp-json\/wp\/v2\/pages"}],"about":[{"href":"https:\/\/www.prado-vilamoura.com\/pt-pt\/wp-json\/wp\/v2\/types\/page"}],"author":[{"embeddable":true,"href":"https:\/\/www.prado-vilamoura.com\/pt-pt\/wp-json\/wp\/v2\/users\/1"}],"replies":[{"embeddable":true,"href":"https:\/\/www.prado-vilamoura.com\/pt-pt\/wp-json\/wp\/v2\/comments?post=1454"}],"version-history":[{"count":61,"href":"https:\/\/www.prado-vilamoura.com\/pt-pt\/wp-json\/wp\/v2\/pages\/1454\/revisions"}],"predecessor-version":[{"id":12975,"href":"https:\/\/www.prado-vilamoura.com\/pt-pt\/wp-json\/wp\/v2\/pages\/1454\/revisions\/12975"}],"wp:attachment":[{"href":"https:\/\/www.prado-vilamoura.com\/pt-pt\/wp-json\/wp\/v2\/media?parent=1454"}],"curies":[{"name":"wp","href":"https:\/\/api.w.org\/{rel}","templated":true}]}}