{"id":1427,"date":"2019-02-25T15:52:23","date_gmt":"2019-02-25T15:52:23","guid":{"rendered":"http:\/\/prado-vilamoura.com\/?post_type=portfolio&#038;p=1427"},"modified":"2023-03-30T15:27:55","modified_gmt":"2023-03-30T14:27:55","slug":"villa-corina","status":"publish","type":"portfolio","link":"https:\/\/www.prado-vilamoura.com\/pt-pt\/villas-privadas\/villa-corina\/","title":{"rendered":"Villa Corina"},"content":{"rendered":"<section class=\"wpb-content-wrapper\"><p>[vc_row][vc_column][vc_row_inner][vc_column_inner width=&#8221;1\/3&#8243;]<div class=\"evc-icon-with-text evc-shortcode  evc-iwt-icon-top\">\n\t<div class=\"evc-iwt-icon-holder\">\n\t\t<img src=\"https:\/\/www.prado-vilamoura.com\/wp-content\/uploads\/2019\/02\/bed.svg\" class=\"attachment-full size-full\" alt=\"\" decoding=\"async\" loading=\"lazy\" \/>\t<\/div>\n\t<div class=\"evc-iwt-content\">\n\t\t\t<h4 class=\"evc-iwt-title\" >\n\t\t\t\t\t3 Quartos\t\t\t<\/h4>\n\t<p class=\"evc-iwt-text\" >Acomoda 6<\/p>\n\t<\/div>\n<\/div>\n[\/vc_column_inner][vc_column_inner width=&#8221;1\/3&#8243;]<div class=\"evc-icon-with-text evc-shortcode  evc-iwt-icon-top\">\n\t<div class=\"evc-iwt-icon-holder\">\n\t\t<img src=\"https:\/\/www.prado-vilamoura.com\/wp-content\/uploads\/2019\/02\/pool.svg\" class=\"attachment-full size-full\" alt=\"\" decoding=\"async\" loading=\"lazy\" \/>\t<\/div>\n\t<div class=\"evc-iwt-content\">\n\t\t\t<h4 class=\"evc-iwt-title\" >\n\t\t\t\t\tPiscina\t\t\t<\/h4>\n\t<\/div>\n<\/div>\n[\/vc_column_inner][vc_column_inner width=&#8221;1\/3&#8243;]<div class=\"evc-icon-with-text evc-shortcode  evc-iwt-icon-top\">\n\t<div class=\"evc-iwt-icon-holder\">\n\t\t<img src=\"https:\/\/www.prado-vilamoura.com\/wp-content\/uploads\/2019\/02\/conditioner.svg\" class=\"attachment-full size-full\" alt=\"\" decoding=\"async\" loading=\"lazy\" \/>\t<\/div>\n\t<div class=\"evc-iwt-content\">\n\t\t\t<h4 class=\"evc-iwt-title\" >\n\t\t\t\t\tAr Condicionado\t\t\t<\/h4>\n\t<\/div>\n<\/div>\n[\/vc_column_inner][\/vc_row_inner][vc_column_text]Localizada entre sedutores jardins paisag\u00edsticos e trilhos de \u201c<em>cal\u00e7ada<\/em>\u201d, a Villa Corina \u00e9 uma fabulosa moradia de tr\u00eas quartos completamente remodelada ao estilo contempor\u00e2neo. Tem climatiza\u00e7\u00e3o total, tornando-a uma casa de f\u00e9rias para todo o ano. A propriedade tem uma piscina e est\u00e1 muito pr\u00f3xima da praia de Vale do Lobo e da popular \u201c<em>Pra\u00e7a<\/em>\u201d, onde se encontra uma \u00f3tima op\u00e7\u00e3o de restaurantes e bares. A Academia de T\u00e9nis de Vale do Lobo fica a 5 minutos a p\u00e9 da moradia.<\/p>\n<h4><strong>R\u00e9s-do-ch\u00e3o<\/strong>:<\/h4>\n<ul>\n<li>Hall de entrada<\/li>\n<li>Bengaleiro<\/li>\n<li>Sala de estar espa\u00e7osa e moderna com lareira, sat\u00e9lite, TV com ecr\u00e3 plasma, leitor de DVD, leitor de CD, acesso \u00e0 internet sem fios. A partir da sala de estar, atrav\u00e9s de portas amplas, acede-se a um terra\u00e7o coberto, \u00e0 piscina e ao p\u00e1tio exterior com churrasqueira.<\/li>\n<li>Sala de jantar \u2013 abre para uma cozinha moderna e totalmente equipada e com um balc\u00e3o em granito.<\/li>\n<li>Cozinha equipada com m\u00e1quina de lavar loi\u00e7a, m\u00e1quina de lavar roupa, secador de roupa, frigor\u00edfico estilo americano, m\u00e1quina de caf\u00e9, torradeira, etc.<\/li>\n<li>O p\u00e1tio exterior \u00e9 muito espa\u00e7oso e a piscina pode ser aquecida por uma tarifa suplementar de \u00a3 125.00 por semana.<\/li>\n<li>2 quartos (com duas camas de solteiro cada) servidos por uma casa de banho comum, com chuveiro \u00e0 parte.<\/li>\n<\/ul>\n<h4><strong>1<sup>o<\/sup> andar<\/strong>:<\/h4>\n<p>Uma escadaria em m\u00e1rmore leva-nos ao quarto principal, onde se encontra uma cama de casal king-size e uma soberba casa de banho privativa com dois lavabos e um chuveiro \u00e0 parte. As portas exteriores d\u00e3o acesso a um terra\u00e7o privado com mesa, cadeiras e espregui\u00e7adeiras.<\/p>\n<p>As tarifas incluem servi\u00e7o de limpeza, roupa de cama, toalhas de casa de banho, ar condicionado e aquecimento.<\/p>\n<p>[\/vc_column_text]<div class=\"porto-modal-input-wrapper \"><script>\r\n\t( function() {\r\n\t\tvar porto_init_modal = function() {\r\n\t\t\tvar selector = \".enquiry-btn\",\r\n\t\t\t\t$selector = jQuery(selector);\r\n\t\t\t$selector.addClass(\"porto-modal-trigger\");\r\n\t\t\t$selector.attr(\"data-trigger-id\", \"porto-modal-69f259a2a61a68-74180996\");\r\n\t\t\t$selector.attr(\"data-type\", \"inline\");\r\n\t\t\t$selector.attr(\"data-overlay-class\", \"my-mfp-zoom-in\");\r\n\t\t};\r\n\r\n\t\tif ( window.jQuery ) {\r\n\t\t\tporto_init_modal();\r\n\t\t} else {\r\n\t\t\tdocument.addEventListener( \"DOMContentLoaded\", porto_init_modal );\r\n\t\t}\r\n\t} )();\r\n\t<\/script><\/div><div id=\"porto-modal-69f259a2a61a68-74180996\" class=\"mfp-hide zoom-anim-dialog \"><div class=\"porto-modal-content\">\n<div class=\"wpcf7 no-js\" id=\"wpcf7-f1458-o1\" lang=\"pt-PT\" dir=\"ltr\">\n<div class=\"screen-reader-response\"><p role=\"status\" aria-live=\"polite\" aria-atomic=\"true\"><\/p> <ul><\/ul><\/div>\n<form action=\"\/pt-pt\/wp-json\/wp\/v2\/portfolio\/1427#wpcf7-f1458-o1\" method=\"post\" class=\"wpcf7-form init\" aria-label=\"Contact form\" novalidate=\"novalidate\" data-status=\"init\">\n<div style=\"display: none;\">\n<input type=\"hidden\" name=\"_wpcf7\" value=\"1458\" \/>\n<input type=\"hidden\" name=\"_wpcf7_version\" value=\"5.7.3\" \/>\n<input type=\"hidden\" name=\"_wpcf7_locale\" value=\"pt_PT\" \/>\n<input type=\"hidden\" name=\"_wpcf7_unit_tag\" value=\"wpcf7-f1458-o1\" \/>\n<input type=\"hidden\" name=\"_wpcf7_container_post\" value=\"0\" \/>\n<input type=\"hidden\" name=\"_wpcf7_posted_data_hash\" value=\"\" \/>\n<input type=\"hidden\" name=\"redirect_nonce\" value=\"237fef15d5\" \/>\n<input type=\"hidden\" name=\"wpcf7cfpdf_hidden_name\" value=\"document-pdf\" \/>\n<input type=\"hidden\" name=\"wpcf7cfpdf_hidden_reference\" value=\"67fbdaa3\" \/>\n<input type=\"hidden\" name=\"wpcf7cfpdf_hidden_date\" value=\"04292026\" \/>\n<input type=\"hidden\" name=\"_wpcf7_recaptcha_response\" value=\"\" \/>\n<\/div>\n<h4 class=\"m-t-md m-b-md pb-0 text-uppercase\">Formul\u00e1rio de Consulta R\u00e1pida\n<\/h4>\n<div class=\"row\">\n\t<div class=\"col-lg-6\">\n\t\t<div class=\"form-group\">\n\t\t\t<p><label for=\"contact-name\">Nome Completo *<\/label><br \/>\n<span class=\"wpcf7-form-control-wrap\" data-name=\"contact-name\"><input size=\"40\" class=\"wpcf7-form-control wpcf7-text wpcf7-validates-as-required form-control\" id=\"contact-name\" aria-required=\"true\" aria-invalid=\"false\" value=\"\" type=\"text\" name=\"contact-name\" \/><\/span>\n\t\t\t<\/p>\n\t\t<\/div>\n\t<\/div>\n\t<div class=\"col-lg-6\">\n\t\t<div class=\"form-group\">\n\t\t\t<p><label for=\"contact-email\">Endere\u00e7o de Email *<\/label><br \/>\n<span class=\"wpcf7-form-control-wrap\" data-name=\"contact-email\"><input size=\"40\" class=\"wpcf7-form-control wpcf7-text wpcf7-email wpcf7-validates-as-required wpcf7-validates-as-email form-control\" id=\"contact-email\" aria-required=\"true\" aria-invalid=\"false\" value=\"\" type=\"email\" name=\"contact-email\" \/><\/span>\n\t\t\t<\/p>\n\t\t<\/div>\n\t<\/div>\n\t<div class=\"col-lg-6\">\n\t\t<div class=\"form-group\">\n\t\t\t<p><label for=\"contact-subject\">Assunto<\/label><br \/>\n<span class=\"wpcf7-form-control-wrap contact-subject\"><input name=\"contact-subject\" id=\"contact-subject\" class=\"wpcf7-form-control wpcf7dtx-dynamictext wpcf7-dynamictext wpcf7-validates-as-required form-control\" size=\"40\" aria-invalid=\"false\" type=\"text\" readonly=\"readonly\" aria-required=\"true\" value=\"title\" \/><\/span>\n\t\t\t<\/p>\n\t\t<\/div>\n\t<\/div>\n\t<div class=\"col-lg-6\">\n\t\t<div class=\"form-group\">\n\t\t\t<p><label for=\"contact-subject\">N\u00famero de Telefone<\/label><br \/>\n<span class=\"wpcf7-form-control-wrap\" data-name=\"contact-phone\"><input size=\"40\" class=\"wpcf7-form-control wpcf7-text form-control\" id=\"contact-phone\" aria-invalid=\"false\" value=\"\" type=\"text\" name=\"contact-phone\" \/><\/span>\n\t\t\t<\/p>\n\t\t<\/div>\n\t<\/div>\n\t<div class=\"col-lg-6\">\n\t\t<div class=\"form-group\">\n\t\t\t<p><label for=\"date-start\">Data de In\u00edcio *<\/label><br \/>\n<span class=\"wpcf7-form-control-wrap\" data-name=\"date-start\"><input class=\"wpcf7-form-control wpcf7-date wpcf7-validates-as-required wpcf7-validates-as-date form-control\" id=\"date-start\" min=\"2026-04-29\" aria-required=\"true\" aria-invalid=\"false\" value=\"\" type=\"date\" name=\"date-start\" \/><\/span>\n\t\t\t<\/p>\n\t\t<\/div>\n\t<\/div>\n\t<div class=\"col-lg-6\">\n\t\t<div class=\"form-group\">\n\t\t\t<p><label for=\"date-end\">Data de T\u00e9rmino *<\/label><br \/>\n<span class=\"wpcf7-form-control-wrap\" data-name=\"date-end\"><input class=\"wpcf7-form-control wpcf7-date wpcf7-validates-as-required wpcf7-validates-as-date form-control\" id=\"date-end\" min=\"2026-04-29\" aria-required=\"true\" aria-invalid=\"false\" value=\"\" type=\"date\" name=\"date-end\" \/><\/span>\n\t\t\t<\/p>\n\t\t<\/div>\n\t<\/div>\n\t<div class=\"col-lg-12\">\n\t\t<div class=\"form-group\">\n\t\t\t<p><label for=\"contact-message\">Informa\u00e7\u00e3o adicional *<\/label><br \/>\n<span class=\"wpcf7-form-control-wrap\" data-name=\"contact-message\"><textarea cols=\"40\" rows=\"10\" class=\"wpcf7-form-control wpcf7-textarea wpcf7-validates-as-required form-control\" id=\"contact-message\" aria-required=\"true\" aria-invalid=\"false\" name=\"contact-message\"><\/textarea><\/span>\n\t\t\t<\/p>\n\t\t<\/div>\n\t<\/div>\n\t<div class=\"col-lg-12\">\n\t\t<div class=\"form-group\">\n\t\t<span class=\"wpcf7-form-control-wrap recaptcha\" data-name=\"recaptcha\"><span data-sitekey=\"6LdV_90aAAAAANL2Lqnf6LoITj1f_1sI73Oi6j4K\" class=\"wpcf7-form-control g-recaptcha wpcf7-recaptcha\"><\/span>\r\n<noscript>\r\n\t<div class=\"grecaptcha-noscript\">\r\n\t\t<iframe src=\"https:\/\/www.google.com\/recaptcha\/api\/fallback?k=6LdV_90aAAAAANL2Lqnf6LoITj1f_1sI73Oi6j4K\" frameborder=\"0\" scrolling=\"no\" width=\"310\" height=\"430\">\r\n\t\t<\/iframe>\r\n\t\t<textarea name=\"g-recaptcha-response\" rows=\"3\" cols=\"40\" placeholder=\"reCaptcha Response Here\">\r\n\t\t<\/textarea>\r\n\t<\/div>\r\n<\/noscript>\r\n<\/span>\n\t\t<\/div>\n\t<\/div>\n\t<div class=\"col-lg-12\">\n\t\t<div class=\"form-group\">\n\t\t\t<div class=\"cform cf-full-row consent\">\n\t\t\t\t<p><span class=\"wpcf7-form-control-wrap\" data-name=\"your-consent\"><span class=\"wpcf7-form-control wpcf7-acceptance\"><span class=\"wpcf7-list-item\"><label><input type=\"checkbox\" name=\"your-consent\" value=\"1\" aria-invalid=\"false\" \/><span class=\"wpcf7-list-item-label\">Confirmo que li e aceito a <a href=\"\/pt-pt\/politica-de-privacidade\/\">pol\u00edtica de privacidade &amp; cookies<\/a>.<\/span><\/label><\/span><\/span><\/span>\n\t\t\t\t<\/p>\n\t\t\t\t<div class=\"disclaimer\">\n\t\t\t\t\t<p>Este formul\u00e1rio recolhe o seu nome, o seu endere\u00e7o de email e o seu n\u00famero de telefone para que algu\u00e9m da nossa equipa possa comunicar consigo e dar-lhe assist\u00eancia. Por favor, consulte a nossa <a href=\"\/pt-pt\/politica-de-privacidade\/\">Pol\u00edtica de Privacidade<\/a> para saber o que fazemos com os seus dados.\n\t\t\t\t\t<\/p>\n\t\t\t\t<\/div>\n\t\t\t<\/div>\n\t\t<\/div>\n\t<\/div>\n\t<div class=\"col-lg-12\">\n\t\t<div class=\"form-group\">\n\t\t\t<p><input class=\"wpcf7-form-control has-spinner wpcf7-submit btn btn-primary btn-lg btn-block text-uppercase p-md\" type=\"submit\" value=\"Reserva Agora\" \/>\n\t\t\t<\/p>\n\t\t<\/div>\n\t<\/div>\n<\/div><div class=\"wpcf7-response-output\" aria-hidden=\"true\"><\/div>\n<\/form>\n<\/div>\n<\/div><\/div>[\/vc_column][\/vc_row][vc_row][vc_column width=&#8221;1\/2&#8243;][vc_custom_heading text=&#8221;Tarifas Semanais 2023&#8243; font_container=&#8221;tag:h4|text_align:left&#8221; use_theme_fonts=&#8221;yes&#8221; text_transform=&#8221;text-uppercase&#8221; el_class=&#8221;m-b-md m-t-lg&#8221;][vc_raw_html]JTVCdGFibGUlMjBpZCUzRDglMjAlMkYlNUQ=[\/vc_raw_html]<div class=\"porto-block\" data-id=\"1176\">[vc_row][vc_column]\t<div class=\"evc-button-wrapper evc-btn-center\">\n<a class=\"evc-button evc-shortcode custom-btn enquiry-btn evc-btn-fill-line evc-btn-normal \"  style=\"font-size: 1.2em;text-transform: uppercase\" >\n\t\t<span class=\"evc-btn-text\">Make Enquiry<\/span>\n\t<span class=\"evc-btn-fill-line\" style=\"border-bottom-color: #ffffff\"><\/span>\n<\/a>\n\t<\/div>\n[vc_empty_space height=\"20px\"][vc_column_text]Alternatively, please email us on <a href=\"mailto:enquiries@prado-vilamoura.com\">enquiries@prado-vilamoura.com<\/a> or call\r\n(+351) 289 396852 (9.00 am \u2013 6.00 pm).[\/vc_column_text][\/vc_column][\/vc_row]<\/div>[\/vc_column][vc_column width=&#8221;1\/2&#8243;][vc_custom_heading text=&#8221;Galeria&#8221; font_container=&#8221;tag:h4|text_align:left&#8221; use_theme_fonts=&#8221;yes&#8221; text_transform=&#8221;text-uppercase&#8221; el_class=&#8221;m-b-md m-t-lg&#8221;][vc_raw_html]JTVCbW9kdWxhJTIwaWQlM0QlMjIxMDUxJTIyJTVE[\/vc_raw_html][\/vc_column][\/vc_row]<\/p>\n<\/section>","protected":false},"excerpt":{"rendered":"<p>[vc_row][vc_column][vc_row_inner][vc_column_inner width=&#8221;1\/3&#8243;][\/vc_column_inner][vc_column_inner width=&#8221;1\/3&#8243;][\/vc_column_inner][vc_column_inner width=&#8221;1\/3&#8243;][\/vc_column_inner][\/vc_row_inner][vc_column_text]Localizada entre sedutores jardins paisag\u00edsticos e trilhos de \u201ccal\u00e7ada\u201d, a Villa Corina \u00e9 uma fabulosa moradia de tr\u00eas quartos completamente remodelada ao estilo contempor\u00e2neo. Tem climatiza\u00e7\u00e3o total, tornando-a uma casa de f\u00e9rias para todo o ano. A propriedade tem uma piscina e est\u00e1 muito pr\u00f3xima da praia de Vale do Lobo e [&hellip;]<\/p>\n","protected":false},"featured_media":1053,"comment_status":"open","ping_status":"closed","template":"","meta":[],"portfolio_cat":[19],"portfolio_skills":[],"yoast_head":"<!-- This site is optimized with the Yoast SEO Premium plugin v20.0 (Yoast SEO v20.0) - https:\/\/yoast.com\/wordpress\/plugins\/seo\/ -->\n<title>3 Bedroom Holiday Villa for Rent in Vale do Lobo, Portugal.<\/title>\n<meta name=\"description\" content=\"Sitting amongst attractive gardens the Villa Corina is a fabulous three bedroom linked villa which has undergone a complete contemporary refurbishment.\" \/>\n<meta name=\"robots\" content=\"index, follow, max-snippet:-1, max-image-preview:large, max-video-preview:-1\" \/>\n<link rel=\"canonical\" href=\"https:\/\/www.prado-vilamoura.com\/pt-pt\/villas-privadas\/villa-corina\/\" \/>\n<meta property=\"og:locale\" content=\"pt_PT\" \/>\n<meta property=\"og:type\" content=\"article\" \/>\n<meta property=\"og:title\" content=\"Villa Corina\" \/>\n<meta property=\"og:description\" content=\"Sitting amongst attractive gardens the Villa Corina is a fabulous three bedroom linked villa which has undergone a complete contemporary refurbishment.\" \/>\n<meta property=\"og:url\" content=\"https:\/\/www.prado-vilamoura.com\/pt-pt\/villas-privadas\/villa-corina\/\" \/>\n<meta property=\"og:site_name\" content=\"Prado Vilamoura\" \/>\n<meta property=\"article:publisher\" content=\"https:\/\/www.facebook.com\/pradovilamoura\" \/>\n<meta property=\"article:modified_time\" content=\"2023-03-30T14:27:55+00:00\" \/>\n<meta property=\"og:image\" content=\"https:\/\/www.prado-vilamoura.com\/wp-content\/uploads\/2019\/02\/REF040-Vale-do-Lobo-com-pre\u00e7os-1.jpg\" \/>\n\t<meta property=\"og:image:width\" content=\"600\" \/>\n\t<meta property=\"og:image:height\" content=\"399\" \/>\n\t<meta property=\"og:image:type\" content=\"image\/jpeg\" \/>\n<meta name=\"twitter:card\" content=\"summary_large_image\" \/>\n<meta name=\"twitter:site\" content=\"@pradovilamoura\" \/>\n<meta name=\"twitter:label1\" content=\"Tempo estimado de leitura\" \/>\n\t<meta name=\"twitter:data1\" content=\"2 minutos\" \/>\n<script type=\"application\/ld+json\" class=\"yoast-schema-graph\">{\"@context\":\"https:\/\/schema.org\",\"@graph\":[{\"@type\":\"WebPage\",\"@id\":\"https:\/\/www.prado-vilamoura.com\/pt-pt\/villas-privadas\/villa-corina\/\",\"url\":\"https:\/\/www.prado-vilamoura.com\/pt-pt\/villas-privadas\/villa-corina\/\",\"name\":\"3 Bedroom Holiday Villa for Rent in Vale do Lobo, Portugal.\",\"isPartOf\":{\"@id\":\"https:\/\/www.prado-vilamoura.com\/pt-pt\/#website\"},\"datePublished\":\"2019-02-25T15:52:23+00:00\",\"dateModified\":\"2023-03-30T14:27:55+00:00\",\"description\":\"Sitting amongst attractive gardens the Villa Corina is a fabulous three bedroom linked villa which has undergone a complete contemporary refurbishment.\",\"breadcrumb\":{\"@id\":\"https:\/\/www.prado-vilamoura.com\/pt-pt\/villas-privadas\/villa-corina\/#breadcrumb\"},\"inLanguage\":\"pt-PT\",\"potentialAction\":[{\"@type\":\"ReadAction\",\"target\":[\"https:\/\/www.prado-vilamoura.com\/pt-pt\/villas-privadas\/villa-corina\/\"]}]},{\"@type\":\"BreadcrumbList\",\"@id\":\"https:\/\/www.prado-vilamoura.com\/pt-pt\/villas-privadas\/villa-corina\/#breadcrumb\",\"itemListElement\":[{\"@type\":\"ListItem\",\"position\":1,\"name\":\"Home\",\"item\":\"https:\/\/www.prado-vilamoura.com\/pt-pt\/\"},{\"@type\":\"ListItem\",\"position\":2,\"name\":\"Private Villas\",\"item\":\"https:\/\/www.prado-vilamoura.com\/pt-pt\/villas-privadas\/\"},{\"@type\":\"ListItem\",\"position\":3,\"name\":\"Villa Corina\"}]},{\"@type\":\"WebSite\",\"@id\":\"https:\/\/www.prado-vilamoura.com\/pt-pt\/#website\",\"url\":\"https:\/\/www.prado-vilamoura.com\/pt-pt\/\",\"name\":\"Prado Vilamoura\",\"description\":\"Self-catering holiday  Villas and Apartments in Vilamoura, the heart of the Algarve\",\"publisher\":{\"@id\":\"https:\/\/www.prado-vilamoura.com\/pt-pt\/#organization\"},\"potentialAction\":[{\"@type\":\"SearchAction\",\"target\":{\"@type\":\"EntryPoint\",\"urlTemplate\":\"https:\/\/www.prado-vilamoura.com\/pt-pt\/?s={search_term_string}\"},\"query-input\":\"required name=search_term_string\"}],\"inLanguage\":\"pt-PT\"},{\"@type\":\"Organization\",\"@id\":\"https:\/\/www.prado-vilamoura.com\/pt-pt\/#organization\",\"name\":\"Prado Vilamoura\",\"url\":\"https:\/\/www.prado-vilamoura.com\/pt-pt\/\",\"logo\":{\"@type\":\"ImageObject\",\"inLanguage\":\"pt-PT\",\"@id\":\"https:\/\/www.prado-vilamoura.com\/pt-pt\/#\/schema\/logo\/image\/\",\"url\":\"https:\/\/www.prado-vilamoura.com\/wp-content\/uploads\/2018\/12\/logo-full.svg\",\"contentUrl\":\"https:\/\/www.prado-vilamoura.com\/wp-content\/uploads\/2018\/12\/logo-full.svg\",\"caption\":\"Prado Vilamoura\"},\"image\":{\"@id\":\"https:\/\/www.prado-vilamoura.com\/pt-pt\/#\/schema\/logo\/image\/\"},\"sameAs\":[\"https:\/\/www.instagram.com\/pradovilamoura\",\"https:\/\/www.facebook.com\/pradovilamoura\",\"https:\/\/twitter.com\/pradovilamoura\"]}]}<\/script>\n<!-- \/ Yoast SEO Premium plugin. -->","yoast_head_json":{"title":"3 Bedroom Holiday Villa for Rent in Vale do Lobo, Portugal.","description":"Sitting amongst attractive gardens the Villa Corina is a fabulous three bedroom linked villa which has undergone a complete contemporary refurbishment.","robots":{"index":"index","follow":"follow","max-snippet":"max-snippet:-1","max-image-preview":"max-image-preview:large","max-video-preview":"max-video-preview:-1"},"canonical":"https:\/\/www.prado-vilamoura.com\/pt-pt\/villas-privadas\/villa-corina\/","og_locale":"pt_PT","og_type":"article","og_title":"Villa Corina","og_description":"Sitting amongst attractive gardens the Villa Corina is a fabulous three bedroom linked villa which has undergone a complete contemporary refurbishment.","og_url":"https:\/\/www.prado-vilamoura.com\/pt-pt\/villas-privadas\/villa-corina\/","og_site_name":"Prado Vilamoura","article_publisher":"https:\/\/www.facebook.com\/pradovilamoura","article_modified_time":"2023-03-30T14:27:55+00:00","og_image":[{"width":600,"height":399,"url":"https:\/\/www.prado-vilamoura.com\/wp-content\/uploads\/2019\/02\/REF040-Vale-do-Lobo-com-pre\u00e7os-1.jpg","type":"image\/jpeg"}],"twitter_card":"summary_large_image","twitter_site":"@pradovilamoura","twitter_misc":{"Tempo estimado de leitura":"2 minutos"},"schema":{"@context":"https:\/\/schema.org","@graph":[{"@type":"WebPage","@id":"https:\/\/www.prado-vilamoura.com\/pt-pt\/villas-privadas\/villa-corina\/","url":"https:\/\/www.prado-vilamoura.com\/pt-pt\/villas-privadas\/villa-corina\/","name":"3 Bedroom Holiday Villa for Rent in Vale do Lobo, Portugal.","isPartOf":{"@id":"https:\/\/www.prado-vilamoura.com\/pt-pt\/#website"},"datePublished":"2019-02-25T15:52:23+00:00","dateModified":"2023-03-30T14:27:55+00:00","description":"Sitting amongst attractive gardens the Villa Corina is a fabulous three bedroom linked villa which has undergone a complete contemporary refurbishment.","breadcrumb":{"@id":"https:\/\/www.prado-vilamoura.com\/pt-pt\/villas-privadas\/villa-corina\/#breadcrumb"},"inLanguage":"pt-PT","potentialAction":[{"@type":"ReadAction","target":["https:\/\/www.prado-vilamoura.com\/pt-pt\/villas-privadas\/villa-corina\/"]}]},{"@type":"BreadcrumbList","@id":"https:\/\/www.prado-vilamoura.com\/pt-pt\/villas-privadas\/villa-corina\/#breadcrumb","itemListElement":[{"@type":"ListItem","position":1,"name":"Home","item":"https:\/\/www.prado-vilamoura.com\/pt-pt\/"},{"@type":"ListItem","position":2,"name":"Private Villas","item":"https:\/\/www.prado-vilamoura.com\/pt-pt\/villas-privadas\/"},{"@type":"ListItem","position":3,"name":"Villa Corina"}]},{"@type":"WebSite","@id":"https:\/\/www.prado-vilamoura.com\/pt-pt\/#website","url":"https:\/\/www.prado-vilamoura.com\/pt-pt\/","name":"Prado Vilamoura","description":"Self-catering holiday  Villas and Apartments in Vilamoura, the heart of the Algarve","publisher":{"@id":"https:\/\/www.prado-vilamoura.com\/pt-pt\/#organization"},"potentialAction":[{"@type":"SearchAction","target":{"@type":"EntryPoint","urlTemplate":"https:\/\/www.prado-vilamoura.com\/pt-pt\/?s={search_term_string}"},"query-input":"required name=search_term_string"}],"inLanguage":"pt-PT"},{"@type":"Organization","@id":"https:\/\/www.prado-vilamoura.com\/pt-pt\/#organization","name":"Prado Vilamoura","url":"https:\/\/www.prado-vilamoura.com\/pt-pt\/","logo":{"@type":"ImageObject","inLanguage":"pt-PT","@id":"https:\/\/www.prado-vilamoura.com\/pt-pt\/#\/schema\/logo\/image\/","url":"https:\/\/www.prado-vilamoura.com\/wp-content\/uploads\/2018\/12\/logo-full.svg","contentUrl":"https:\/\/www.prado-vilamoura.com\/wp-content\/uploads\/2018\/12\/logo-full.svg","caption":"Prado Vilamoura"},"image":{"@id":"https:\/\/www.prado-vilamoura.com\/pt-pt\/#\/schema\/logo\/image\/"},"sameAs":["https:\/\/www.instagram.com\/pradovilamoura","https:\/\/www.facebook.com\/pradovilamoura","https:\/\/twitter.com\/pradovilamoura"]}]}},"_links":{"self":[{"href":"https:\/\/www.prado-vilamoura.com\/pt-pt\/wp-json\/wp\/v2\/portfolio\/1427"}],"collection":[{"href":"https:\/\/www.prado-vilamoura.com\/pt-pt\/wp-json\/wp\/v2\/portfolio"}],"about":[{"href":"https:\/\/www.prado-vilamoura.com\/pt-pt\/wp-json\/wp\/v2\/types\/portfolio"}],"replies":[{"embeddable":true,"href":"https:\/\/www.prado-vilamoura.com\/pt-pt\/wp-json\/wp\/v2\/comments?post=1427"}],"version-history":[{"count":6,"href":"https:\/\/www.prado-vilamoura.com\/pt-pt\/wp-json\/wp\/v2\/portfolio\/1427\/revisions"}],"predecessor-version":[{"id":10451,"href":"https:\/\/www.prado-vilamoura.com\/pt-pt\/wp-json\/wp\/v2\/portfolio\/1427\/revisions\/10451"}],"wp:featuredmedia":[{"embeddable":true,"href":"https:\/\/www.prado-vilamoura.com\/pt-pt\/wp-json\/wp\/v2\/media\/1053"}],"wp:attachment":[{"href":"https:\/\/www.prado-vilamoura.com\/pt-pt\/wp-json\/wp\/v2\/media?parent=1427"}],"wp:term":[{"taxonomy":"portfolio_cat","embeddable":true,"href":"https:\/\/www.prado-vilamoura.com\/pt-pt\/wp-json\/wp\/v2\/portfolio_cat?post=1427"},{"taxonomy":"portfolio_skills","embeddable":true,"href":"https:\/\/www.prado-vilamoura.com\/pt-pt\/wp-json\/wp\/v2\/portfolio_skills?post=1427"}],"curies":[{"name":"wp","href":"https:\/\/api.w.org\/{rel}","templated":true}]}}